{"id":3095,"date":"2022-01-05T18:09:50","date_gmt":"2022-01-05T17:09:50","guid":{"rendered":"https:\/\/www.zjednotenizamier.sk\/zjednoczeni-dla-pokoju\/"},"modified":"2022-03-06T14:29:40","modified_gmt":"2022-03-06T13:29:40","slug":"zjednoczeni-dla-pokoju","status":"publish","type":"page","link":"https:\/\/www.zjednotenizamier.sk\/pl\/zjednoczeni-dla-pokoju\/","title":{"rendered":"Zjednoczeni dla pokoju"},"content":{"rendered":"\t\t<div data-elementor-type=\"wp-page\" data-elementor-id=\"3095\" class=\"elementor elementor-3095 elementor-649\" data-elementor-settings=\"[]\">\n\t\t\t\t\t\t<div class=\"elementor-inner\">\n\t\t\t\t\t\t\t<div class=\"elementor-section-wrap\">\n\t\t\t\t\t\t\t<section class=\"elementor-section elementor-top-section elementor-element elementor-element-26d8af4 elementor-section-boxed elementor-section-height-default elementor-section-height-default\" data-id=\"26d8af4\" data-element_type=\"section\" data-settings=\"{&quot;background_background&quot;:&quot;classic&quot;,&quot;jet_parallax_layout_list&quot;:[{&quot;_id&quot;:&quot;cec5813&quot;,&quot;jet_parallax_layout_image&quot;:{&quot;url&quot;:&quot;&quot;,&quot;id&quot;:&quot;&quot;},&quot;jet_parallax_layout_image_tablet&quot;:{&quot;url&quot;:&quot;&quot;,&quot;id&quot;:&quot;&quot;},&quot;jet_parallax_layout_image_mobile&quot;:{&quot;url&quot;:&quot;&quot;,&quot;id&quot;:&quot;&quot;},&quot;jet_parallax_layout_speed&quot;:{&quot;unit&quot;:&quot;%&quot;,&quot;size&quot;:50,&quot;sizes&quot;:[]},&quot;jet_parallax_layout_type&quot;:&quot;scroll&quot;,&quot;jet_parallax_layout_direction&quot;:null,&quot;jet_parallax_layout_fx_direction&quot;:null,&quot;jet_parallax_layout_z_index&quot;:&quot;&quot;,&quot;jet_parallax_layout_bg_x&quot;:50,&quot;jet_parallax_layout_bg_x_tablet&quot;:&quot;&quot;,&quot;jet_parallax_layout_bg_x_mobile&quot;:&quot;&quot;,&quot;jet_parallax_layout_bg_y&quot;:50,&quot;jet_parallax_layout_bg_y_tablet&quot;:&quot;&quot;,&quot;jet_parallax_layout_bg_y_mobile&quot;:&quot;&quot;,&quot;jet_parallax_layout_bg_size&quot;:&quot;auto&quot;,&quot;jet_parallax_layout_bg_size_tablet&quot;:&quot;&quot;,&quot;jet_parallax_layout_bg_size_mobile&quot;:&quot;&quot;,&quot;jet_parallax_layout_animation_prop&quot;:&quot;transform&quot;,&quot;jet_parallax_layout_on&quot;:[&quot;desktop&quot;,&quot;tablet&quot;]}]}\">\n\t\t\t\t\t\t<div class=\"elementor-container elementor-column-gap-default\">\n\t\t\t\t\t\t\t<div class=\"elementor-row\">\n\t\t\t\t\t<div class=\"elementor-column elementor-col-100 elementor-top-column elementor-element elementor-element-c211b49\" data-id=\"c211b49\" data-element_type=\"column\">\n\t\t\t<div class=\"elementor-column-wrap elementor-element-populated\">\n\t\t\t\t\t\t\t<div class=\"elementor-widget-wrap\">\n\t\t\t\t\t\t<div class=\"elementor-element elementor-element-a36cfe8 elementor-widget elementor-widget-heading\" data-id=\"a36cfe8\" data-element_type=\"widget\" data-settings=\"{&quot;_animation_mobile&quot;:&quot;fadeIn&quot;,&quot;_animation_tablet&quot;:&quot;fadeIn&quot;}\" data-widget_type=\"heading.default\">\n\t\t\t\t<div class=\"elementor-widget-container\">\n\t\t\t<h2 class=\"elementor-heading-title elementor-size-default\">Zjednoczeni dla pokoju<\/h2>\t\t<\/div>\n\t\t\t\t<\/div>\n\t\t\t\t<div class=\"elementor-element elementor-element-37a1dd7 elementor-share-buttons--align-center elementor-share-buttons--view-icon-text elementor-share-buttons--skin-gradient elementor-share-buttons--shape-square elementor-grid-0 elementor-share-buttons--color-official elementor-widget elementor-widget-share-buttons\" data-id=\"37a1dd7\" data-element_type=\"widget\" data-widget_type=\"share-buttons.default\">\n\t\t\t\t<div class=\"elementor-widget-container\">\n\t\t\t\t\t<div class=\"elementor-grid\">\n\t\t\t\t\t\t\t\t<div class=\"elementor-grid-item\">\n\t\t\t\t\t\t<div class=\"elementor-share-btn elementor-share-btn_facebook\">\n\t\t\t\t\t\t\t\t\t\t\t\t\t\t\t<span class=\"elementor-share-btn__icon\">\n\t\t\t\t\t\t\t\t<i class=\"fab fa-facebook\" aria-hidden=\"true\"><\/i>\t\t\t\t\t\t\t\t<span\n\t\t\t\t\t\t\t\t\tclass=\"elementor-screen-only\">Share on facebook<\/span>\n\t\t\t\t\t\t\t<\/span>\n\t\t\t\t\t\t\t\t\t\t\t\t\t\t\t\t\t\t\t\t\t\t<div class=\"elementor-share-btn__text\">\n\t\t\t\t\t\t\t\t\t\t\t\t\t\t\t\t\t\t\t<span class=\"elementor-share-btn__title\">\n\t\t\t\t\t\t\t\t\t\tFacebook\t\t\t\t\t\t\t\t\t<\/span>\n\t\t\t\t\t\t\t\t\t\t\t\t\t\t\t\t\t<\/div>\n\t\t\t\t\t\t\t\t\t\t\t\t\t<\/div>\n\t\t\t\t\t<\/div>\n\t\t\t\t\t\t\t\t\t<div class=\"elementor-grid-item\">\n\t\t\t\t\t\t<div class=\"elementor-share-btn elementor-share-btn_twitter\">\n\t\t\t\t\t\t\t\t\t\t\t\t\t\t\t<span class=\"elementor-share-btn__icon\">\n\t\t\t\t\t\t\t\t<i class=\"fab fa-twitter\" aria-hidden=\"true\"><\/i>\t\t\t\t\t\t\t\t<span\n\t\t\t\t\t\t\t\t\tclass=\"elementor-screen-only\">Share on twitter<\/span>\n\t\t\t\t\t\t\t<\/span>\n\t\t\t\t\t\t\t\t\t\t\t\t\t\t\t\t\t\t\t\t\t\t<div class=\"elementor-share-btn__text\">\n\t\t\t\t\t\t\t\t\t\t\t\t\t\t\t\t\t\t\t<span class=\"elementor-share-btn__title\">\n\t\t\t\t\t\t\t\t\t\tTwitter\t\t\t\t\t\t\t\t\t<\/span>\n\t\t\t\t\t\t\t\t\t\t\t\t\t\t\t\t\t<\/div>\n\t\t\t\t\t\t\t\t\t\t\t\t\t<\/div>\n\t\t\t\t\t<\/div>\n\t\t\t\t\t\t\t\t\t<div class=\"elementor-grid-item\">\n\t\t\t\t\t\t<div class=\"elementor-share-btn elementor-share-btn_linkedin\">\n\t\t\t\t\t\t\t\t\t\t\t\t\t\t\t<span class=\"elementor-share-btn__icon\">\n\t\t\t\t\t\t\t\t<i class=\"fab fa-linkedin\" aria-hidden=\"true\"><\/i>\t\t\t\t\t\t\t\t<span\n\t\t\t\t\t\t\t\t\tclass=\"elementor-screen-only\">Share on linkedin<\/span>\n\t\t\t\t\t\t\t<\/span>\n\t\t\t\t\t\t\t\t\t\t\t\t\t\t\t\t\t\t\t\t\t\t<div class=\"elementor-share-btn__text\">\n\t\t\t\t\t\t\t\t\t\t\t\t\t\t\t\t\t\t\t<span class=\"elementor-share-btn__title\">\n\t\t\t\t\t\t\t\t\t\tLinkedIn\t\t\t\t\t\t\t\t\t<\/span>\n\t\t\t\t\t\t\t\t\t\t\t\t\t\t\t\t\t<\/div>\n\t\t\t\t\t\t\t\t\t\t\t\t\t<\/div>\n\t\t\t\t\t<\/div>\n\t\t\t\t\t\t<\/div>\n\t\t\t\t<\/div>\n\t\t\t\t<\/div>\n\t\t\t\t\t\t<\/div>\n\t\t\t\t\t<\/div>\n\t\t<\/div>\n\t\t\t\t\t\t\t\t<\/div>\n\t\t\t\t\t<\/div>\n\t\t<\/section>\n\t\t\t\t<section class=\"elementor-section elementor-top-section elementor-element elementor-element-8622534 elementor-section-boxed elementor-section-height-default elementor-section-height-default\" data-id=\"8622534\" data-element_type=\"section\" data-settings=\"{&quot;jet_parallax_layout_list&quot;:[{&quot;jet_parallax_layout_image&quot;:{&quot;url&quot;:&quot;&quot;,&quot;id&quot;:&quot;&quot;},&quot;_id&quot;:&quot;f79e283&quot;,&quot;jet_parallax_layout_image_tablet&quot;:{&quot;url&quot;:&quot;&quot;,&quot;id&quot;:&quot;&quot;},&quot;jet_parallax_layout_image_mobile&quot;:{&quot;url&quot;:&quot;&quot;,&quot;id&quot;:&quot;&quot;},&quot;jet_parallax_layout_speed&quot;:{&quot;unit&quot;:&quot;%&quot;,&quot;size&quot;:50,&quot;sizes&quot;:[]},&quot;jet_parallax_layout_type&quot;:&quot;scroll&quot;,&quot;jet_parallax_layout_direction&quot;:null,&quot;jet_parallax_layout_fx_direction&quot;:null,&quot;jet_parallax_layout_z_index&quot;:&quot;&quot;,&quot;jet_parallax_layout_bg_x&quot;:50,&quot;jet_parallax_layout_bg_x_tablet&quot;:&quot;&quot;,&quot;jet_parallax_layout_bg_x_mobile&quot;:&quot;&quot;,&quot;jet_parallax_layout_bg_y&quot;:50,&quot;jet_parallax_layout_bg_y_tablet&quot;:&quot;&quot;,&quot;jet_parallax_layout_bg_y_mobile&quot;:&quot;&quot;,&quot;jet_parallax_layout_bg_size&quot;:&quot;auto&quot;,&quot;jet_parallax_layout_bg_size_tablet&quot;:&quot;&quot;,&quot;jet_parallax_layout_bg_size_mobile&quot;:&quot;&quot;,&quot;jet_parallax_layout_animation_prop&quot;:&quot;transform&quot;,&quot;jet_parallax_layout_on&quot;:[&quot;desktop&quot;,&quot;tablet&quot;]}]}\">\n\t\t\t\t\t\t<div class=\"elementor-container elementor-column-gap-default\">\n\t\t\t\t\t\t\t<div class=\"elementor-row\">\n\t\t\t\t\t<div class=\"elementor-column elementor-col-100 elementor-top-column elementor-element elementor-element-2c772ab\" data-id=\"2c772ab\" data-element_type=\"column\">\n\t\t\t<div class=\"elementor-column-wrap elementor-element-populated\">\n\t\t\t\t\t\t\t<div class=\"elementor-widget-wrap\">\n\t\t\t\t\t\t<div class=\"elementor-element elementor-element-05fc7f1 elementor-widget elementor-widget-image\" data-id=\"05fc7f1\" data-element_type=\"widget\" data-widget_type=\"image.default\">\n\t\t\t\t<div class=\"elementor-widget-container\">\n\t\t\t\t\t\t\t\t<div class=\"elementor-image\">\n\t\t\t\t\t\t\t\t\t\t\t\t<img width=\"1220\" height=\"592\" src=\"https:\/\/www.zjednotenizamier.sk\/wp-content\/uploads\/2022\/01\/ZZm-obr.1.png\" class=\"attachment-full size-full\" alt=\"\" loading=\"lazy\" srcset=\"https:\/\/www.zjednotenizamier.sk\/wp-content\/uploads\/2022\/01\/ZZm-obr.1.png 1220w, https:\/\/www.zjednotenizamier.sk\/wp-content\/uploads\/2022\/01\/ZZm-obr.1-300x146.png 300w, https:\/\/www.zjednotenizamier.sk\/wp-content\/uploads\/2022\/01\/ZZm-obr.1-1024x497.png 1024w, https:\/\/www.zjednotenizamier.sk\/wp-content\/uploads\/2022\/01\/ZZm-obr.1-768x373.png 768w\" sizes=\"(max-width: 1220px) 100vw, 1220px\" \/>\t\t\t\t\t\t\t\t\t\t\t\t\t\t<\/div>\n\t\t\t\t\t\t<\/div>\n\t\t\t\t<\/div>\n\t\t\t\t<div class=\"elementor-element elementor-element-33ea2a2 elementor-invisible elementor-widget elementor-widget-text-editor\" data-id=\"33ea2a2\" data-element_type=\"widget\" data-settings=\"{&quot;_animation&quot;:&quot;fadeIn&quot;,&quot;_animation_tablet&quot;:&quot;fadeIn&quot;,&quot;_animation_mobile&quot;:&quot;fadeIn&quot;}\" data-widget_type=\"text-editor.default\">\n\t\t\t\t<div class=\"elementor-widget-container\">\n\t\t\t\t\t\t\t\t<div class=\"elementor-text-editor elementor-clearfix\">\n\t\t\t\t<p style=\"text-align: justify;\">\u015awiat znalaz\u0142 si\u0119 niebezpiecznie blisko nowej globalnej konfrontacji. Porz\u0105dek mi\u0119dzynarodowy leg\u0142 w gruzach. Przyw\u00f3dcy od dawna podkopywali postanowienia um\u00f3w mi\u0119dzynarodowych posi\u0142kuj\u0105c si\u0119 ich b\u0142\u0119dn\u0105 wyk\u0142adni\u0105, ignorowaniem zasad wsp\u00f3\u0142\u017cycia mi\u0119dzynarodowegoi bezwzgl\u0119dn\u0105 agresj\u0105 wojskow\u0105. Efektems\u0105znamiona chaosu, hipokryzji i samowoli w stosunkach mi\u0119dzynarodowych. Poszukiwanie winnego za stan, kt\u00f3ry osi\u0105gn\u0119li\u015bmy przez ostanie dwadzie\u015bcia pi\u0119\u0107 lat, nie prowadzi do niczego.Winni jeste\u015bmy wszyscy. Ale wszyscy zgadzamy si\u0119 te\u017c w jednej sprawie: chcemy pokoju. Nie wszyscy jednak aktywnie wyst\u0119pujemy o ten pok\u00f3j. Dlategouwa\u017camy za konieczne zatrzyma\u0107 rozkr\u0119caj\u0105c\u0105 si\u0119 spiral\u0119 militaryzmu, przemocy i nienawi\u015bci, odwo\u0142a\u0107 si\u0119 do tradycji humanizmu, pokoju i braku przemocyi wezwa\u0107 wszystkich ludzi dobrej woli, aby wsp\u00f3lnie przyj\u0119li i stosowali \u015brodki, kt\u00f3re zapewni\u0105 kultur\u0119 pokoju, wsp\u00f3\u0142prac\u0119 i bezpiecze\u0144stwo dla wszystkich.<\/p><p style=\"text-align: justify;\"><strong>Za wielki b\u0142\u0105d uwa\u017camy to, \u017ce spo\u0142eczno\u015b\u0107 mi\u0119dzynarodowa odesz\u0142a od zasad Karty Paryskiejdla Nowej Europy, przyj\u0119tej na szczycie w listopadzie 1990. W niej wszystkie kraje europejskie oraz ZSSR, USA i Kanada, by\u0142y zgodne co do tego, \u017ce bezpiecze\u0144stwo jest niepodzielnei \u017ce nie mo\u017cna wzmacnia\u0107 bezpiecze\u0144stwa jednych kosztem innych. Dlategotworzenie wybranych blok\u00f3w wojskowych, kt\u00f3re eskaluj\u0105 zbrojenia i konfrontacj\u0119 uwa\u017camy za zb\u0119dne i niebezpieczne. Najwy\u017cszy czas, aby powr\u00f3ci\u0107 do idea\u0142\u00f3w, dzi\u0119kikt\u00f3rym zako\u0144czy\u0142a si\u0119 ideologiczna rywalizacja dw\u00f3ch supermocarstw. Ju\u017c najwy\u017cszy czas wezwa\u0107 odpowiednich przedstawicieli stron, pa\u0144stw i organizacji mi\u0119dzynarodowych, aby przyst\u0105pili do budowy nowego porz\u0105dku \u015bwiatowego, kt\u00f3ry b\u0119dzie odpowiada\u0107 aktualnym potrzebom i do\u015bwiadczeniom i zapewni jednakowe bezpiecze\u0144stwo dla wszystkichoraz zobowi\u0105za\u0107 wszystkie narody do wsp\u00f3lnej pracy w celu umocnienia globalnego pokoju, wsp\u00f3\u0142pracy i sprawiedliwo\u015bci. To w\u0142a\u015bnie jest Pa\u0144stwa obowi\u0105zek wobec ludzi mi\u0142uj\u0105cych pok\u00f3j!<\/strong><\/p><p style=\"text-align: justify;\">Zaraz po zako\u0144czeniu II wojny \u015bwiatowej, w atmosferze euforii, kt\u00f3ra zapanowa\u0142a po sze\u015bcioletniej agonii ludzko\u015bci, Albert Einstein, Bertrand Russell i Thomas Mann ostrzegali wsp\u00f3lnot\u0119 mi\u0119dzynarodow\u0105, \u017ce staranie zapobie\u017cenia wojnom polegaj\u0105cetylkona ustaleniach umownychpomi\u0119dzy suwerennymi pa\u0144stwami b\u0119dzie niewystarczaj\u0105ce i je\u017celinie zostan\u0105 podj\u0119te bardziej zdecydowane kroki do zapewnienia pokoju, Karta ONZ stanie si\u0119 tylko tragiczn\u0105 iluzj\u0105. Jednak \u015bwiatowi przyw\u00f3dcy nie zaproponowali niczego lepszego i znowu okaza\u0142o si\u0119, \u017ce by\u0142a to tylko rozpaczliwa pr\u00f3ba, kt\u00f3ra zawiod\u0142a ju\u017c tyle razy. Suwerenno\u015b\u0107 konkuruj\u0105cych mocarstww stosunkach mi\u0119dzynarodowych objawia si\u0119 znaczn\u0105 samowol\u0105 i prawo mi\u0119dzynarodowe w ko\u0144cowym efekcie jest stosowane tylko wobec ma\u0142ych i s\u0142abych kraj\u00f3w. Interesy hegemona maj\u0105 pierwsze\u0144stwo. To wszystko narusza zasady regulacji stosunk\u00f3w mi\u0119dzynarodowych.<\/p><p style=\"text-align: justify;\"><strong>Chcemy przenie\u015b\u0107 d\u0105\u017cenia i ruchy pokojowe na wy\u017cszy poziom. Nie chcemyby\u0107obro\u0144cami pokoju, chcemyby\u0107jego tw\u00f3rcami.Wychodz\u0105c z Deklaracji ONZo kulturzepokoju iniestosowaniu si\u0142y z roku 1999 nie chcemy si\u0119 ogranicza\u0107 tylko do rozpaczliwych protest\u00f3w antywojennych w okresie, kiedy ogie\u0144 wojenny ju\u017c si\u0119 rozpali\u0142. Wytworzenie kulturypokoju iniestosowaniu przemocy jestdla nas podstawowym za\u0142o\u017ceniem dla pokojowego wsp\u00f3\u0142\u017cycia wszystkich ludzi na Ziemi.<\/strong><\/p><h3 style=\"text-align: justify;\">Dlategostaramy si\u0119:<\/h3><ul><li style=\"text-align: justify;\">aby wiara w si\u0142\u0119 i respekt mog\u0142y by\u0107 zast\u0105pione wykszta\u0142ceniem w zakresie kultury pokoju<\/li><li style=\"text-align: justify;\">aby mentalno\u015b\u0107 nieprzyja\u017ani zosta\u0142a zast\u0105piona porozumieniem, tolerancja i solidarno\u015bci\u0105<\/li><li style=\"text-align: justify;\">aby zarz\u0105dzanie autorytarne zosta\u0142o zast\u0105pione demokratyczn\u0105 wsp\u00f3\u0142prac\u0105 wszystkich ludzi<\/li><li style=\"text-align: justify;\">aby polityka utajniania i propagandy zosta\u0142a zast\u0105piona swobodnym i wszechstronnym przep\u0142ywem informacji<\/li><li style=\"text-align: justify;\">aby nacisk na wy\u015bcig zbroje\u0144 zosta\u0142 zast\u0105piony rozbrojeniem<\/li><li style=\"text-align: justify;\">aby ucisk ludzi zosta\u0142 zast\u0105piony rozwojem ichludzkich praw<\/li><li style=\"text-align: justify;\">aby ekonomika oparta na bezwzgl\u0119dnym zysku zosta\u0142a zast\u0105piona sprawiedliwo\u015bci\u0105 socjaln\u0105 i respektowaniem potrzeb wszystkich ludzina podstawiezasady r\u00f3wnouprawnienia<\/li><li style=\"text-align: justify;\">aby rabunkowe wykorzystywanie przyrody zosta\u0142o zast\u0105pione filozofi\u0105 zr\u00f3wnowa\u017conego rozwoju<\/li><\/ul><h3><br \/>Dlategowzywamy wszystkich ludzi dobrej woli: zmie\u0144my w tym duchu swojepriorytety polityczne i spo\u0142eczne:<\/h3><ul><li style=\"text-align: justify;\">Wzywamy w\u0142a\u015bciwych przedstawicieli polityki, aby proponowali, wspierali i wdra\u017cali now\u0105 architektur\u0119bezpiecze\u0144stwa, do kt\u00f3rej zostan\u0105 r\u00f3wnie\u017c w\u0142\u0105czone te kraje, kt\u00f3re dotychczas by\u0142y uwa\u017cane za nieprzyjazne.<\/li><li style=\"text-align: justify;\">Wzywamy w\u0142a\u015bciwe ministerstwa, aby w praktyce dok\u0142adnie przestrzega\u0142y zasad Deklaracji ONZ o kulturze pokoju i rezygnacji ze stosowania si\u0142y, aby do podstaw nauczania wprowadzi\u0142ywychowanie w\u00a0 kulturze pokoju i rezygnacji ze stosowania si\u0142yi aby wspiera\u0142y polityk\u0119 opart\u0105 na tych zasadach.<\/li><li style=\"text-align: justify;\">Wzywamy wyborc\u00f3w, aby wspieralitylko takich polityk\u00f3w, kt\u00f3rzy akceptuj\u0105 pokojowe zasady zamieszczone w tym dokumencie, zobowi\u0105\u017c\u0105 si\u0119 ich przestrzega\u0107 i b\u0119d\u0105 je stosowa\u0107 w praktyce.<\/li><li style=\"text-align: justify;\">Wzywamy przedstawicieli ko\u015bcio\u0142\u00f3w, organizacji pozarz\u0105dowych, osobisto\u015bci \u017cycia kulturalnego, naukowego i spo\u0142ecznego, aby aktywnie wspierali pokojowe rozwi\u0105zania, aby stali si\u0119 wys\u0142annikami pokoju i oswobodzenia ducha cz\u0142owieka od sk\u0142onno\u015bci do przemocy. Wzywamy ich do odwa\u017cnej obrony i empatii do pogl\u0105d\u00f3w mniejszo\u015bci, pokojowego wsp\u00f3\u0142istnienia i racjonalno\u015bci w miejsce przewa\u017caj\u0105cej obecnie atmosfery nienawi\u015bci, strachu i k\u0142\u00f3tni.<\/li><\/ul><p style=\"text-align: justify;\"><strong><br \/>Trzeba otwarcie zaakcentowa\u0107,tu \u017ce s\u0105 politycy, dziennikarze i aktywi\u015bci, kt\u00f3rzy w spo\u0142ecze\u0144stwiepropaguj\u0105 nienawi\u015b\u0107, uprzedzenia i fobie, kt\u00f3rzy niejednokrotnie przekraczaj\u0105 nawet granice szowinizmu, \u017ce istniej\u0105 ich wierni poplecznicy, kt\u00f3rzy zawsze s\u0105 ch\u0119tni i gotowi do rozpocz\u0119cia wojny, popierania zbroje\u0144 i dawania pierwsze\u0144stwa konfrontacji. Uwa\u017camy za wa\u017cne zdystansowanie si\u0119 od takich ludzi. Wi\u0119cej zbroje\u0144 oznacza mniej zaufania, wi\u0119cej wojska oznacza mniej wsp\u00f3\u0142pracy. Nie \u017cyczymy sobie, aby przez nasze ziemieprzechodzi\u0142y kolumny wojska i aby powstawa\u0142y na nich bazy wojskowe. Chcemy pa\u0144stwa, w kt\u00f3rym powstaj\u0105 pokojowe inicjatywy i rozkwita kultura, nauka i kszta\u0142cenie. Chcemy, aby Europa \u015arodkowa sta\u0142a si\u0119 mostem przyja\u017ani, a nie miejscem granicznych konfrontacji, aby sta\u0142a si\u0119 podobna do go\u0142\u0105bka pokoju, a nie doujadaj\u0105cego pudelka. Chcemy sprawiedliwego porz\u0105dku \u015bwiatowego, w kt\u00f3rym przyw\u00f3dcy du\u017cych pa\u0144stw nie b\u0119d\u0105 post\u0119powa\u0107, jak gangsterzy, a ma\u0142e kraje, jak ich marionetki. Chcemy, aby ludzi \u0142\u0105czy\u0142y wi\u0119zy przyja\u017ani, a nie, \u017ceby powstawa\u0142y mi\u0119dzy nimi ostre podzia\u0142y.<\/strong><\/p><p style=\"text-align: justify;\">Wojna dla wszystkich oznacza przegran\u0105. Jest to kl\u0119ska dla ludzkiego rozumu, to jest niezdolno\u015b\u0107 do zrozumienia kogo\u015b innego, jest to barbarzy\u0144ska rezygnacja z cywilizowanego rozwi\u0105zania sporu. Pok\u00f3j nie oznacza pora\u017cki drugiej strony, pok\u00f3j jest zwyci\u0119stwem wszystkich. Kapitulacja bez usuni\u0119cia przyczyn konfliktu nie jest pokojem, jest tylko chwilowym porozumieniem, kt\u00f3re kumuluje w sobie wszystkie nierozwi\u0105zane krzywdya\u017c do wybuchu nast\u0119pnej wojny. Chcemy przerwa\u0107 zaczarowany kr\u0105g przemocy i zbudowa\u0107 podstawy trwa\u0142ego pokoju. Nie jeste\u015bmy tak naiwni, \u017ceby nie widzie\u0107 konflikt\u00f3w i spor\u00f3w, ale jeste\u015bmy przekonani, \u017ce ichrozwi\u0105zania nale\u017cy szuka\u0107przy stole obrad, a nie na placu boju. Bez nowej architekturybezpiecze\u0144stwa, kt\u00f3ra usunie nerwowo\u015b\u0107 z kontakt\u00f3w mi\u0119dzynarodowych, nie zaistnieje, ani nie b\u0119dzie zapewnione bezpiecze\u0144stwo, czy zr\u00f3wnowa\u017cony pok\u00f3j. A na pocz\u0105tku tego procesu niech nie stoi grupa technicznych ekspert\u00f3w, ale silna wola ludzi mi\u0142uj\u0105cych pok\u00f3j. Dlategowa\u017cne jest, aby osobisto\u015bci niezale\u017cne duchowo i moralnie po\u0142\u0105czy\u0142y swoje wp\u0142ywy i si\u0142y w celu uwypuklenia braterstwa mi\u0119dzy narodami oraz wprowadzenia zasad kultury pokoju i odrzucenia wojny, jak g\u0142\u00f3wnej przyczyny wszelkiego z\u0142a.<\/p><h3>Lista sygnatariuszy<\/h3><p><strong>Alexander A\u010d<\/strong>, ekolog, pracownik naukowy Akademia Nauk \u010cR (SR)<br \/><strong>Anton Bal\u00e1\u017e<\/strong>, pisarz a publicysta (SR)<br \/><strong>Jozef Ban\u00e1\u0161<\/strong>, pisarz (SR)<br \/><strong>Mari\u00e1n Ban\u010dej<\/strong>, pisarz (SR)<br \/><strong>Rudolf Belan<\/strong>, wydawca (SR)<br \/><strong>Viera Benkov\u00e1<\/strong>, pisarka (B\u00e1\u010dsky Petrovec, Serbia)<br \/><strong>Vladim\u00edr Blaho<\/strong>, krytyk teatralny i muzyczny (SR)<br \/><strong>V\u00e1clav C\u00edlek<\/strong>, geolog, klimatolog i filozof (\u010cR)<br \/><strong>J\u00e1n \u010carnogursk\u00fd<\/strong>, adwokat, by\u0142y premier SR (SR)<br \/><strong>Milan Daniel<\/strong>, dziennikarz (\u010cR)<br \/><strong>Milan Dub\u010dek<\/strong>, dyplomata, syn Alexandra Dub\u010deka (SR)<br \/><strong>Vladim\u00edr Farka\u0161<\/strong>, biochemik (SR)<br \/><strong>Etela Farka\u0161ov\u00e1<\/strong>, filozofka i pisarka (SR)<br \/><strong>Milan Ft\u00e1\u010dnik<\/strong>, nauczyciel akademicki, by\u0142y minister szkolnictwa (SR)<br \/><strong>Franti\u0161ek Gah\u00e9r<\/strong>, filozof, by\u0142y rektor Uniwersytetu im. Komensk\u00e9ho (SR)<br \/><strong>Ivan Ga\u0161parovi\u010d<\/strong>, by\u0142y prezydent Republiki S\u0142owackiej (SR)<br \/><strong>Radovan Geist<\/strong>, politolog (SR)<br \/><strong>Vladim\u00edr God\u00e1r<\/strong>, kompozytor muzyczny (SR)<br \/><strong>Jozef Hab\u00e1nik<\/strong>, rektor Uniwersytetu Trenczy\u0144skiego im. Alexandra Dub\u010deka (SR)<br \/><strong>Alexander Halvon\u00edk<\/strong>, krytyk literacki i pisarz (SR)<br \/><strong>Pavol Hammel<\/strong>,\u00a0\u015bpiewak (SR)<br \/><strong>Martin Hekrdla<\/strong>, dziennikarz (\u010cR)<br \/><strong>Jozef Heriban<\/strong>, pisarz i scenarzysta (SR)<br \/><strong>Ivan Hoffman<\/strong>, dziennikarz, piosenkarz, bohater Aksamitnej Rewolucji (\u010cR)<br \/><strong>Marek Hrubec<\/strong>, filozof i socjolog (\u010cR)<br \/><strong>Anton Hykisch<\/strong>, pisarz (SR)<br \/><strong>Eduard Chmel\u00e1r<\/strong>, historyk, rektor Akademii Medi\u00f3w (SR)<br \/><strong>Juraj Jakubisko<\/strong>, re\u017cyser (SR)<br \/><strong>Peter Jaro\u0161<\/strong>, pisarz (SR)<br \/><strong>Jan Kavan<\/strong>, by\u0142y przewodnicz\u0105cy Zgromadzenia Og\u00f3lnego ONZ OSN i minister spraw zagranicznych (\u010cR)<br \/><strong>Norbert Kelecs\u00e9nyi<\/strong>, rze\u017abiarz akademicki (SR)<br \/><strong>Eva Koll\u00e1rov\u00e1<\/strong>, dyrektorka Instytutu Kulturoznawstwa Rosyjsko &#8211; S\u0142owackiego PF KU (SR)<br \/><strong>Michal Kov\u00e1\u010d<\/strong>, by\u0142y prezydent Republiki S\u0142owackiej (SR)<br \/><strong>M\u00e1ria Kr\u00e1\u013eovi\u010dov\u00e1<\/strong>, aktorka (SR)<br \/><strong>Oskar Krej\u010d\u00ed<\/strong>, politolog, prorektor Wy\u017cszej Szko\u0142y Stosunk\u00f3w Mi\u0119dzynarodowych i Publicznych (\u010cR)<br \/><strong>Rudolf Kropil<\/strong>, przewodnicz\u0105cy Konferencji Rektor\u00f3w S\u0142owackich, rektor TU w Zvolene (SR)<br \/><strong>Adriana Ku\u010derov\u00e1<\/strong>, \u015bpiewaczka operowa (SR)<br \/><strong>Peter Lipa<\/strong>, \u015bpiewak i kompozytor (SR)<br \/><strong>Jozef Lys\u00fd<\/strong>, politolog (SR)<br \/><strong>Albert Maren\u010din<\/strong>, pisarz i scenarzysta (SR)<br \/><strong>Jozef Miga\u0161<\/strong>, dyplomata, by\u0142y przewodnicz\u0105cy NR SR (SR)<br \/><strong>Franti\u0161ek Novos\u00e1d<\/strong>, filozof (SR)<br \/><strong>Karol Pol\u00e1k<\/strong>, komentator sportowy (SR)<br \/><strong>Michal Pol\u00e1k<\/strong>, ekonomista i filozof (SR)<br \/><strong>Miro Proch\u00e1zka<\/strong>, re\u017cyser (SR)<br \/><strong>Lenka Proch\u00e1zkov\u00e1<\/strong>, pisarka, sygnatariuszka Karty 77 (\u010cR)<br \/><strong>Miroslav Proke\u0161<\/strong>, ekolog (\u010cR)<br \/><strong>Milan Ra\u0161la<\/strong>, rektor Akademii Sztuk Scenicznych (SR)<br \/><strong>Gabriela Rothmayerov\u00e1<\/strong>, pisarka i publicystka (SR)<br \/><strong>Silvia Ruppeldtov\u00e1<\/strong>, t\u0142umaczka i publicystka (SR)<br \/><strong>Ladislav Sabo<\/strong>, rze\u017abiarz akademicki (SR)<br \/><strong>Tatiana Sedov\u00e1<\/strong>, filozofka (SR)<br \/><strong>Brigita Schm\u00f6gnerov\u00e1<\/strong>, ekonomistka, by\u0142y minister finans\u00f3w (SR)<br \/><strong>Rudolf Schuster<\/strong>, by\u0142y prezydent Republiki S\u0142owackiej (SR)<br \/><strong>Vladim\u00edr Skalsk\u00fd<\/strong>, prezes \u015awiatowego Stowarzyszenia S\u0142owak\u00f3w za Granic\u0105 (\u010cR)<br \/><strong>Karel Srp<\/strong>, przewodnicz\u0105cy Sekcji\u00a0 Jazzowej i by\u0142y wi\u0119zie\u0144 polityczny (\u010cR)<br \/><strong>J\u00e1n Stena<\/strong>, socjolog (SR)<br \/><strong>Franti\u0161ek \u0160kvrnda<\/strong>, ekspert d\/s bezpiecze\u0144stwa (SR)<br \/><strong>Ivan \u0160tampach<\/strong>, teolog i publicysta (\u010cR)<br \/><strong>Ilona \u0160vihl\u00edkov\u00e1<\/strong>, ekonomistka (\u010cR)<br \/><strong>Bra\u0148o Tich\u00fd<\/strong>, dzia\u0142acz spo\u0142eczny (SR)<br \/><strong>Viktor Timura<\/strong>, historyk i pisarz (SR)<br \/><strong>Bo\u017eidara Turzonovov\u00e1<\/strong>, aktorka (SR)<br \/><strong>Petr Uhl<\/strong>, dziennikarz, sygnatariusz Karty 77 (\u010cR)<br \/><strong>Ter\u00e9zia Urs\u00ednyov\u00e1<\/strong>, muzykolog (SR)<br \/><strong>Ondrej Zimka<\/strong>, malarz akademicki (SR)<br \/><strong>Ondrej Zimka III.<\/strong>, rze\u017abiarz akademicki (SR)<br \/><strong>Milka Zimkov\u00e1<\/strong>, aktorka i pisarka (SR)<br \/><strong>Milina Zimkov\u00e1<\/strong>, malarka akademicka (SR)<br \/><strong>Petr \u017dantovsk\u00fd<\/strong>, nauczyciel akademicki, analityk medialny (\u010cR)<\/p>\t\t\t\t\t<\/div>\n\t\t\t\t\t\t<\/div>\n\t\t\t\t<\/div>\n\t\t\t\t<div class=\"elementor-element elementor-element-d24e728 elementor-invisible elementor-widget elementor-widget-text-editor\" data-id=\"d24e728\" data-element_type=\"widget\" data-settings=\"{&quot;_animation&quot;:&quot;fadeIn&quot;,&quot;_animation_tablet&quot;:&quot;fadeIn&quot;,&quot;_animation_mobile&quot;:&quot;fadeIn&quot;}\" data-widget_type=\"text-editor.default\">\n\t\t\t\t<div class=\"elementor-widget-container\">\n\t\t\t\t\t\t\t\t<div class=\"elementor-text-editor elementor-clearfix\">\n\t\t\t\t\t\t\t\t\t<\/div>\n\t\t\t\t\t\t<\/div>\n\t\t\t\t<\/div>\n\t\t\t\t\t\t<\/div>\n\t\t\t\t\t<\/div>\n\t\t<\/div>\n\t\t\t\t\t\t\t\t<\/div>\n\t\t\t\t\t<\/div>\n\t\t<\/section>\n\t\t\t\t\t\t<\/div>\n\t\t\t\t\t\t<\/div>\n\t\t\t\t\t<\/div>\n\t\t","protected":false},"excerpt":{"rendered":"<p>Share on facebook Facebook Share on twitter Twitter Share on linkedin LinkedIn \u015awiat znalaz\u0142 si\u0119 niebezpiecznie blisko nowej globalnej konfrontacji. Porz\u0105dek mi\u0119dzynarodowy leg\u0142 w gruzach. Przyw\u00f3dcy od dawna podkopywali postanowienia um\u00f3w mi\u0119dzynarodowych posi\u0142kuj\u0105c si\u0119 ich b\u0142\u0119dn\u0105 wyk\u0142adni\u0105, ignorowaniem zasad wsp\u00f3\u0142\u017cycia mi\u0119dzynarodowegoi bezwzgl\u0119dn\u0105 agresj\u0105 wojskow\u0105. Efektems\u0105znamiona chaosu, hipokryzji i samowoli w stosunkach mi\u0119dzynarodowych. Poszukiwanie winnego za [&hellip;]<\/p>\n","protected":false},"author":1,"featured_media":0,"parent":0,"menu_order":0,"comment_status":"closed","ping_status":"closed","template":"","meta":[],"_links":{"self":[{"href":"https:\/\/www.zjednotenizamier.sk\/pl\/wp-json\/wp\/v2\/pages\/3095"}],"collection":[{"href":"https:\/\/www.zjednotenizamier.sk\/pl\/wp-json\/wp\/v2\/pages"}],"about":[{"href":"https:\/\/www.zjednotenizamier.sk\/pl\/wp-json\/wp\/v2\/types\/page"}],"author":[{"embeddable":true,"href":"https:\/\/www.zjednotenizamier.sk\/pl\/wp-json\/wp\/v2\/users\/1"}],"replies":[{"embeddable":true,"href":"https:\/\/www.zjednotenizamier.sk\/pl\/wp-json\/wp\/v2\/comments?post=3095"}],"version-history":[{"count":9,"href":"https:\/\/www.zjednotenizamier.sk\/pl\/wp-json\/wp\/v2\/pages\/3095\/revisions"}],"predecessor-version":[{"id":4452,"href":"https:\/\/www.zjednotenizamier.sk\/pl\/wp-json\/wp\/v2\/pages\/3095\/revisions\/4452"}],"wp:attachment":[{"href":"https:\/\/www.zjednotenizamier.sk\/pl\/wp-json\/wp\/v2\/media?parent=3095"}],"curies":[{"name":"wp","href":"https:\/\/api.w.org\/{rel}","templated":true}]}}