{"id":3074,"date":"2022-01-06T12:30:38","date_gmt":"2022-01-06T11:30:38","guid":{"rendered":"https:\/\/www.zjednotenizamier.sk\/czym-jest-inicjatywa-zjednoczeni-dla-pokoju\/"},"modified":"2022-02-03T12:48:45","modified_gmt":"2022-02-03T11:48:45","slug":"czym-jest-inicjatywa-zjednoczeni-dla-pokoju","status":"publish","type":"page","link":"https:\/\/www.zjednotenizamier.sk\/pl\/czym-jest-inicjatywa-zjednoczeni-dla-pokoju\/","title":{"rendered":"Czym jest inicjatywa Zjednoczeni dla Pokoju?"},"content":{"rendered":"\t\t<div data-elementor-type=\"wp-page\" data-elementor-id=\"3074\" class=\"elementor elementor-3074 elementor-887\" data-elementor-settings=\"[]\">\n\t\t\t\t\t\t<div class=\"elementor-inner\">\n\t\t\t\t\t\t\t<div class=\"elementor-section-wrap\">\n\t\t\t\t\t\t\t<section class=\"elementor-section elementor-top-section elementor-element elementor-element-0e9d03f elementor-section-boxed elementor-section-height-default elementor-section-height-default\" data-id=\"0e9d03f\" data-element_type=\"section\" data-settings=\"{&quot;background_background&quot;:&quot;classic&quot;,&quot;jet_parallax_layout_list&quot;:[{&quot;_id&quot;:&quot;cec5813&quot;,&quot;jet_parallax_layout_image&quot;:{&quot;url&quot;:&quot;&quot;,&quot;id&quot;:&quot;&quot;},&quot;jet_parallax_layout_image_tablet&quot;:{&quot;url&quot;:&quot;&quot;,&quot;id&quot;:&quot;&quot;},&quot;jet_parallax_layout_image_mobile&quot;:{&quot;url&quot;:&quot;&quot;,&quot;id&quot;:&quot;&quot;},&quot;jet_parallax_layout_speed&quot;:{&quot;unit&quot;:&quot;%&quot;,&quot;size&quot;:50,&quot;sizes&quot;:[]},&quot;jet_parallax_layout_type&quot;:&quot;scroll&quot;,&quot;jet_parallax_layout_direction&quot;:null,&quot;jet_parallax_layout_fx_direction&quot;:null,&quot;jet_parallax_layout_z_index&quot;:&quot;&quot;,&quot;jet_parallax_layout_bg_x&quot;:50,&quot;jet_parallax_layout_bg_x_tablet&quot;:&quot;&quot;,&quot;jet_parallax_layout_bg_x_mobile&quot;:&quot;&quot;,&quot;jet_parallax_layout_bg_y&quot;:50,&quot;jet_parallax_layout_bg_y_tablet&quot;:&quot;&quot;,&quot;jet_parallax_layout_bg_y_mobile&quot;:&quot;&quot;,&quot;jet_parallax_layout_bg_size&quot;:&quot;auto&quot;,&quot;jet_parallax_layout_bg_size_tablet&quot;:&quot;&quot;,&quot;jet_parallax_layout_bg_size_mobile&quot;:&quot;&quot;,&quot;jet_parallax_layout_animation_prop&quot;:&quot;transform&quot;,&quot;jet_parallax_layout_on&quot;:[&quot;desktop&quot;,&quot;tablet&quot;]}]}\">\n\t\t\t\t\t\t<div class=\"elementor-container elementor-column-gap-default\">\n\t\t\t\t\t\t\t<div class=\"elementor-row\">\n\t\t\t\t\t<div class=\"elementor-column elementor-col-100 elementor-top-column elementor-element elementor-element-011f980\" data-id=\"011f980\" data-element_type=\"column\">\n\t\t\t<div class=\"elementor-column-wrap elementor-element-populated\">\n\t\t\t\t\t\t\t<div class=\"elementor-widget-wrap\">\n\t\t\t\t\t\t<div class=\"elementor-element elementor-element-e460d9d elementor-widget elementor-widget-heading\" data-id=\"e460d9d\" data-element_type=\"widget\" data-settings=\"{&quot;_animation_mobile&quot;:&quot;fadeIn&quot;,&quot;_animation_tablet&quot;:&quot;fadeIn&quot;}\" data-widget_type=\"heading.default\">\n\t\t\t\t<div class=\"elementor-widget-container\">\n\t\t\t<h2 class=\"elementor-heading-title elementor-size-default\">Czym jest inicjatywa Zjednoczeni dla Pokoju?<\/h2>\t\t<\/div>\n\t\t\t\t<\/div>\n\t\t\t\t<div class=\"elementor-element elementor-element-bc69a2f elementor-share-buttons--align-center elementor-share-buttons--view-icon-text elementor-share-buttons--skin-gradient elementor-share-buttons--shape-square elementor-grid-0 elementor-share-buttons--color-official elementor-widget elementor-widget-share-buttons\" data-id=\"bc69a2f\" data-element_type=\"widget\" data-widget_type=\"share-buttons.default\">\n\t\t\t\t<div class=\"elementor-widget-container\">\n\t\t\t\t\t<div class=\"elementor-grid\">\n\t\t\t\t\t\t\t\t<div class=\"elementor-grid-item\">\n\t\t\t\t\t\t<div class=\"elementor-share-btn elementor-share-btn_facebook\">\n\t\t\t\t\t\t\t\t\t\t\t\t\t\t\t<span class=\"elementor-share-btn__icon\">\n\t\t\t\t\t\t\t\t<i class=\"fab fa-facebook\" aria-hidden=\"true\"><\/i>\t\t\t\t\t\t\t\t<span\n\t\t\t\t\t\t\t\t\tclass=\"elementor-screen-only\">Share on facebook<\/span>\n\t\t\t\t\t\t\t<\/span>\n\t\t\t\t\t\t\t\t\t\t\t\t\t\t\t\t\t\t\t\t\t\t<div class=\"elementor-share-btn__text\">\n\t\t\t\t\t\t\t\t\t\t\t\t\t\t\t\t\t\t\t<span class=\"elementor-share-btn__title\">\n\t\t\t\t\t\t\t\t\t\tFacebook\t\t\t\t\t\t\t\t\t<\/span>\n\t\t\t\t\t\t\t\t\t\t\t\t\t\t\t\t\t<\/div>\n\t\t\t\t\t\t\t\t\t\t\t\t\t<\/div>\n\t\t\t\t\t<\/div>\n\t\t\t\t\t\t\t\t\t<div class=\"elementor-grid-item\">\n\t\t\t\t\t\t<div class=\"elementor-share-btn elementor-share-btn_twitter\">\n\t\t\t\t\t\t\t\t\t\t\t\t\t\t\t<span class=\"elementor-share-btn__icon\">\n\t\t\t\t\t\t\t\t<i class=\"fab fa-twitter\" aria-hidden=\"true\"><\/i>\t\t\t\t\t\t\t\t<span\n\t\t\t\t\t\t\t\t\tclass=\"elementor-screen-only\">Share on twitter<\/span>\n\t\t\t\t\t\t\t<\/span>\n\t\t\t\t\t\t\t\t\t\t\t\t\t\t\t\t\t\t\t\t\t\t<div class=\"elementor-share-btn__text\">\n\t\t\t\t\t\t\t\t\t\t\t\t\t\t\t\t\t\t\t<span class=\"elementor-share-btn__title\">\n\t\t\t\t\t\t\t\t\t\tTwitter\t\t\t\t\t\t\t\t\t<\/span>\n\t\t\t\t\t\t\t\t\t\t\t\t\t\t\t\t\t<\/div>\n\t\t\t\t\t\t\t\t\t\t\t\t\t<\/div>\n\t\t\t\t\t<\/div>\n\t\t\t\t\t\t\t\t\t<div class=\"elementor-grid-item\">\n\t\t\t\t\t\t<div class=\"elementor-share-btn elementor-share-btn_linkedin\">\n\t\t\t\t\t\t\t\t\t\t\t\t\t\t\t<span class=\"elementor-share-btn__icon\">\n\t\t\t\t\t\t\t\t<i class=\"fab fa-linkedin\" aria-hidden=\"true\"><\/i>\t\t\t\t\t\t\t\t<span\n\t\t\t\t\t\t\t\t\tclass=\"elementor-screen-only\">Share on linkedin<\/span>\n\t\t\t\t\t\t\t<\/span>\n\t\t\t\t\t\t\t\t\t\t\t\t\t\t\t\t\t\t\t\t\t\t<div class=\"elementor-share-btn__text\">\n\t\t\t\t\t\t\t\t\t\t\t\t\t\t\t\t\t\t\t<span class=\"elementor-share-btn__title\">\n\t\t\t\t\t\t\t\t\t\tLinkedIn\t\t\t\t\t\t\t\t\t<\/span>\n\t\t\t\t\t\t\t\t\t\t\t\t\t\t\t\t\t<\/div>\n\t\t\t\t\t\t\t\t\t\t\t\t\t<\/div>\n\t\t\t\t\t<\/div>\n\t\t\t\t\t\t<\/div>\n\t\t\t\t<\/div>\n\t\t\t\t<\/div>\n\t\t\t\t\t\t<\/div>\n\t\t\t\t\t<\/div>\n\t\t<\/div>\n\t\t\t\t\t\t\t\t<\/div>\n\t\t\t\t\t<\/div>\n\t\t<\/section>\n\t\t\t\t<section class=\"elementor-section elementor-top-section elementor-element elementor-element-fab60a4 elementor-section-boxed elementor-section-height-default elementor-section-height-default\" data-id=\"fab60a4\" data-element_type=\"section\" data-settings=\"{&quot;jet_parallax_layout_list&quot;:[{&quot;jet_parallax_layout_image&quot;:{&quot;url&quot;:&quot;&quot;,&quot;id&quot;:&quot;&quot;},&quot;_id&quot;:&quot;80165a9&quot;,&quot;jet_parallax_layout_image_tablet&quot;:{&quot;url&quot;:&quot;&quot;,&quot;id&quot;:&quot;&quot;},&quot;jet_parallax_layout_image_mobile&quot;:{&quot;url&quot;:&quot;&quot;,&quot;id&quot;:&quot;&quot;},&quot;jet_parallax_layout_speed&quot;:{&quot;unit&quot;:&quot;%&quot;,&quot;size&quot;:50,&quot;sizes&quot;:[]},&quot;jet_parallax_layout_type&quot;:&quot;scroll&quot;,&quot;jet_parallax_layout_direction&quot;:null,&quot;jet_parallax_layout_fx_direction&quot;:null,&quot;jet_parallax_layout_z_index&quot;:&quot;&quot;,&quot;jet_parallax_layout_bg_x&quot;:50,&quot;jet_parallax_layout_bg_x_tablet&quot;:&quot;&quot;,&quot;jet_parallax_layout_bg_x_mobile&quot;:&quot;&quot;,&quot;jet_parallax_layout_bg_y&quot;:50,&quot;jet_parallax_layout_bg_y_tablet&quot;:&quot;&quot;,&quot;jet_parallax_layout_bg_y_mobile&quot;:&quot;&quot;,&quot;jet_parallax_layout_bg_size&quot;:&quot;auto&quot;,&quot;jet_parallax_layout_bg_size_tablet&quot;:&quot;&quot;,&quot;jet_parallax_layout_bg_size_mobile&quot;:&quot;&quot;,&quot;jet_parallax_layout_animation_prop&quot;:&quot;transform&quot;,&quot;jet_parallax_layout_on&quot;:[&quot;desktop&quot;,&quot;tablet&quot;]}]}\">\n\t\t\t\t\t\t<div class=\"elementor-container elementor-column-gap-default\">\n\t\t\t\t\t\t\t<div class=\"elementor-row\">\n\t\t\t\t\t<div class=\"elementor-column elementor-col-100 elementor-top-column elementor-element elementor-element-9cbac3c\" data-id=\"9cbac3c\" data-element_type=\"column\">\n\t\t\t<div class=\"elementor-column-wrap elementor-element-populated\">\n\t\t\t\t\t\t\t<div class=\"elementor-widget-wrap\">\n\t\t\t\t\t\t<div class=\"elementor-element elementor-element-af189b2 elementor-widget elementor-widget-image\" data-id=\"af189b2\" data-element_type=\"widget\" data-settings=\"{&quot;_animation&quot;:&quot;none&quot;,&quot;_animation_tablet&quot;:&quot;fadeIn&quot;,&quot;_animation_mobile&quot;:&quot;fadeIn&quot;}\" data-widget_type=\"image.default\">\n\t\t\t\t<div class=\"elementor-widget-container\">\n\t\t\t\t\t\t\t\t<div class=\"elementor-image\">\n\t\t\t\t\t\t\t\t\t\t\t\t<img width=\"703\" height=\"555\" src=\"https:\/\/www.zjednotenizamier.sk\/wp-content\/uploads\/2022\/01\/Ludovit-Fulla-Mier2-1.png\" class=\"attachment-large size-large\" alt=\"\" loading=\"lazy\" srcset=\"https:\/\/www.zjednotenizamier.sk\/wp-content\/uploads\/2022\/01\/Ludovit-Fulla-Mier2-1.png 703w, https:\/\/www.zjednotenizamier.sk\/wp-content\/uploads\/2022\/01\/Ludovit-Fulla-Mier2-1-300x237.png 300w\" sizes=\"(max-width: 703px) 100vw, 703px\" \/>\t\t\t\t\t\t\t\t\t\t\t\t\t\t<\/div>\n\t\t\t\t\t\t<\/div>\n\t\t\t\t<\/div>\n\t\t\t\t<div class=\"elementor-element elementor-element-1f6af48 elementor-widget elementor-widget-text-editor\" data-id=\"1f6af48\" data-element_type=\"widget\" data-settings=\"{&quot;_animation_tablet&quot;:&quot;fadeIn&quot;,&quot;_animation_mobile&quot;:&quot;fadeIn&quot;}\" data-widget_type=\"text-editor.default\">\n\t\t\t\t<div class=\"elementor-widget-container\">\n\t\t\t\t\t\t\t\t<div class=\"elementor-text-editor elementor-clearfix\">\n\t\t\t\t<p style=\"text-align: justify;\"><span style=\"font-size: 15px;\">Zjednoten\u00ed za mier je medzin\u00e1rodn\u00e1 mierov\u00e1 iniciat\u00edva, ktor\u00e1 sp\u00e1ja v\u0161etk\u00fdch \u013eud\u00ed dobrej v\u00f4le v spolo\u010dnom \u00fasil\u00ed za mier, porozumenie a spravodlivos\u0165. Zrodila sa na Slovensku pri pr\u00edle\u017eitosti 70. v\u00fdro\u010dia ukon\u010denia druhej svetovej vojny s cie\u013eom h\u013eada\u0165 \u00fa\u010dinnej\u0161ie formy medzin\u00e1rodnej bezpe\u010dnosti a zabr\u00e1ni\u0165 vzniku \u010fal\u0161ieho svetov\u00e9ho konfliktu. Jej programov\u00fd dokument vydan\u00fd 6. m\u00e1ja 2015 vyz\u00fdva na h\u013eadanie nov\u00e9ho svetov\u00e9ho poriadku, ktor\u00fd bude garantova\u0165 rovnak\u00fa bezpe\u010dnos\u0165 pre v\u0161etk\u00fdch a na d\u00f4raznej\u0161ie \u00fasilie o vytv\u00e1ranie kult\u00fary mieru ako hlavn\u00e9ho predpokladu mierov\u00e9ho spolu\u017eitia v\u0161etk\u00fdch \u013eud\u00ed na Zemi.<\/span><\/p>\n<p style=\"text-align: justify;\">Z\u00e1kladn\u00fdm cie\u013eom iniciat\u00edvy\u00a0<span style=\"font-weight: bolder;\">ZJEDNOTEN\u00cd ZA MIER<\/span>\u00a0je systematicky vytv\u00e1ra\u0165 a\u00a0podporova\u0165 kult\u00faru mieru, ako aj podmienky na jej existenciu ako s\u00fa \u013eudsk\u00e9\u00a0pr\u00e1va, soci\u00e1lna spravodlivos\u0165, udr\u017eate\u013en\u00fd rozvoj a zdie\u013ean\u00e1 zodpovednos\u0165 za\u00a0bud\u00facnos\u0165 plan\u00e9ty a \u013eudstva. Podporujeme a presadzujeme prevent\u00edvnu\u00a0diplomaciu, rie\u0161enie konfliktov nen\u00e1silnou cestou, dodr\u017eiavanie a\u00a0zdokona\u013eovanie medzin\u00e1rodn\u00e9ho pr\u00e1va, v\u0161eobecn\u00e9 odzbrojenie a zvy\u0161ovanie\u00a0transparentnosti vo v\u00fddavkoch na obranu. Podporujeme mierov\u00fdch politick\u00fdch\u00a0kandid\u00e1tov a pom\u00e1hame skupin\u00e1m presadzuj\u00facim legislat\u00edvu s pozit\u00edvnym\u00a0vplyvom na rozvoj mierov\u00e9ho hnutia.<\/p>\n<p style=\"text-align: justify;\">Presadzujeme prehlbovanie mierov\u00fdch vz\u0165ahov a priate\u013estva medzi n\u00e1rodmi, porozumenie, toleranciu, ako aj odstra\u0148ovanie etnick\u00fdch, kult\u00farnych a rasov\u00fdch predsudkov vr\u00e1tane mierovej v\u00fdchovy a vzdel\u00e1vania. Odsudzujeme vojny a v\u0161etky ideol\u00f3gie, ktor\u00e9 ich podporuj\u00fa, najm\u00e4 militarizmus, rasizmus, \u0161ovinizmus, xenof\u00f3biu a ak\u00e9ko\u013evek \u0161\u00edrenie nen\u00e1visti. Organizujeme diskusie, protesty, bojkoty a kampane na podporu na\u0161ich cie\u013eov. Stoj\u00edme na strane nevinn\u00fdch obet\u00ed konfliktov a h\u013ead\u00e1me sp\u00f4soby ako odstr\u00e1ni\u0165 alebo zmierni\u0165 ich utrpenie.<\/p>\n<p style=\"text-align: justify;\"><span style=\"font-weight: bold;\">\u00dalohou na\u0161ej iniciat\u00edvy je aj osveta obyvate\u013estva a jeho z\u00edskavanie pre my\u0161lienky mierov\u00e9ho hnutia, aby sa zabr\u00e1nilo \u010fal\u0161\u00edm vojn\u00e1m prostredn\u00edctvom nepodplatite\u013enej sily energicky organizovanej verejnej mienky. Obrana proti militarizmu je na\u0161ou verejnou povinnos\u0165ou. K prehodnoteniu myslenia m\u00f4\u017ee politikov dovies\u0165 len \u0161irok\u00e9 hnutie zdola. V\u0161etko, \u010do sa nesk\u00f4r stalo ve\u013ek\u00fdm, za\u010d\u00ednalo ako mal\u00e9 a nepov\u0161imnut\u00e9.<\/span><\/p>\n<p style=\"text-align: justify;\"><span style=\"font-weight: bold;\">Zjednoten\u00ed za mier s\u00fa presved\u010den\u00ed, \u017ee prav\u00fd mier je len ten bez zbran\u00ed. Naviac, mier nie je iba bezvojnov\u00fd stav, ale treba ho budova\u0165 nepretr\u017eite. Je ovoc\u00edm spravodlivosti, rozvoja, solidarity, pozornosti vo\u010di n\u00e1\u0161mu spolo\u010dn\u00e9mu domovu a napom\u00e1han\u00edm spolo\u010dn\u00e9mu dobru, u\u010diac sa z lekci\u00ed dej\u00edn.<\/span><\/p>\n\t\t\t\t\t<\/div>\n\t\t\t\t\t\t<\/div>\n\t\t\t\t<\/div>\n\t\t\t\t\t\t<\/div>\n\t\t\t\t\t<\/div>\n\t\t<\/div>\n\t\t\t\t\t\t\t\t<\/div>\n\t\t\t\t\t<\/div>\n\t\t<\/section>\n\t\t\t\t\t\t<\/div>\n\t\t\t\t\t\t<\/div>\n\t\t\t\t\t<\/div>\n\t\t","protected":false},"excerpt":{"rendered":"<p>Share on facebook Facebook Share on twitter Twitter Share on linkedin LinkedIn Zjednoten\u00ed za mier je medzin\u00e1rodn\u00e1 mierov\u00e1 iniciat\u00edva, ktor\u00e1 sp\u00e1ja v\u0161etk\u00fdch \u013eud\u00ed dobrej v\u00f4le v spolo\u010dnom \u00fasil\u00ed za mier, porozumenie a spravodlivos\u0165. Zrodila sa na Slovensku pri pr\u00edle\u017eitosti 70. v\u00fdro\u010dia ukon\u010denia druhej svetovej vojny s cie\u013eom h\u013eada\u0165 \u00fa\u010dinnej\u0161ie formy medzin\u00e1rodnej bezpe\u010dnosti a zabr\u00e1ni\u0165 vzniku [&hellip;]<\/p>\n","protected":false},"author":1,"featured_media":0,"parent":0,"menu_order":0,"comment_status":"closed","ping_status":"closed","template":"","meta":[],"_links":{"self":[{"href":"https:\/\/www.zjednotenizamier.sk\/pl\/wp-json\/wp\/v2\/pages\/3074"}],"collection":[{"href":"https:\/\/www.zjednotenizamier.sk\/pl\/wp-json\/wp\/v2\/pages"}],"about":[{"href":"https:\/\/www.zjednotenizamier.sk\/pl\/wp-json\/wp\/v2\/types\/page"}],"author":[{"embeddable":true,"href":"https:\/\/www.zjednotenizamier.sk\/pl\/wp-json\/wp\/v2\/users\/1"}],"replies":[{"embeddable":true,"href":"https:\/\/www.zjednotenizamier.sk\/pl\/wp-json\/wp\/v2\/comments?post=3074"}],"version-history":[{"count":3,"href":"https:\/\/www.zjednotenizamier.sk\/pl\/wp-json\/wp\/v2\/pages\/3074\/revisions"}],"predecessor-version":[{"id":4125,"href":"https:\/\/www.zjednotenizamier.sk\/pl\/wp-json\/wp\/v2\/pages\/3074\/revisions\/4125"}],"wp:attachment":[{"href":"https:\/\/www.zjednotenizamier.sk\/pl\/wp-json\/wp\/v2\/media?parent=3074"}],"curies":[{"name":"wp","href":"https:\/\/api.w.org\/{rel}","templated":true}]}}