{"id":2812,"date":"2022-01-05T18:09:50","date_gmt":"2022-01-05T17:09:50","guid":{"rendered":"https:\/\/www.zjednotenizamier.sk\/united-for-peace\/"},"modified":"2022-03-06T14:28:36","modified_gmt":"2022-03-06T13:28:36","slug":"united-for-peace","status":"publish","type":"page","link":"https:\/\/www.zjednotenizamier.sk\/en\/united-for-peace\/","title":{"rendered":"United for peace"},"content":{"rendered":"\t\t<div data-elementor-type=\"wp-page\" data-elementor-id=\"2812\" class=\"elementor elementor-2812 elementor-649\" data-elementor-settings=\"[]\">\n\t\t\t\t\t\t<div class=\"elementor-inner\">\n\t\t\t\t\t\t\t<div class=\"elementor-section-wrap\">\n\t\t\t\t\t\t\t<section class=\"elementor-section elementor-top-section elementor-element elementor-element-26d8af4 elementor-section-boxed elementor-section-height-default elementor-section-height-default\" data-id=\"26d8af4\" data-element_type=\"section\" data-settings=\"{&quot;background_background&quot;:&quot;classic&quot;,&quot;jet_parallax_layout_list&quot;:[{&quot;_id&quot;:&quot;cec5813&quot;,&quot;jet_parallax_layout_image&quot;:{&quot;url&quot;:&quot;&quot;,&quot;id&quot;:&quot;&quot;},&quot;jet_parallax_layout_image_tablet&quot;:{&quot;url&quot;:&quot;&quot;,&quot;id&quot;:&quot;&quot;},&quot;jet_parallax_layout_image_mobile&quot;:{&quot;url&quot;:&quot;&quot;,&quot;id&quot;:&quot;&quot;},&quot;jet_parallax_layout_speed&quot;:{&quot;unit&quot;:&quot;%&quot;,&quot;size&quot;:50,&quot;sizes&quot;:[]},&quot;jet_parallax_layout_type&quot;:&quot;scroll&quot;,&quot;jet_parallax_layout_direction&quot;:null,&quot;jet_parallax_layout_fx_direction&quot;:null,&quot;jet_parallax_layout_z_index&quot;:&quot;&quot;,&quot;jet_parallax_layout_bg_x&quot;:50,&quot;jet_parallax_layout_bg_x_tablet&quot;:&quot;&quot;,&quot;jet_parallax_layout_bg_x_mobile&quot;:&quot;&quot;,&quot;jet_parallax_layout_bg_y&quot;:50,&quot;jet_parallax_layout_bg_y_tablet&quot;:&quot;&quot;,&quot;jet_parallax_layout_bg_y_mobile&quot;:&quot;&quot;,&quot;jet_parallax_layout_bg_size&quot;:&quot;auto&quot;,&quot;jet_parallax_layout_bg_size_tablet&quot;:&quot;&quot;,&quot;jet_parallax_layout_bg_size_mobile&quot;:&quot;&quot;,&quot;jet_parallax_layout_animation_prop&quot;:&quot;transform&quot;,&quot;jet_parallax_layout_on&quot;:[&quot;desktop&quot;,&quot;tablet&quot;]}]}\">\n\t\t\t\t\t\t<div class=\"elementor-container elementor-column-gap-default\">\n\t\t\t\t\t\t\t<div class=\"elementor-row\">\n\t\t\t\t\t<div class=\"elementor-column elementor-col-100 elementor-top-column elementor-element elementor-element-c211b49\" data-id=\"c211b49\" data-element_type=\"column\">\n\t\t\t<div class=\"elementor-column-wrap elementor-element-populated\">\n\t\t\t\t\t\t\t<div class=\"elementor-widget-wrap\">\n\t\t\t\t\t\t<div class=\"elementor-element elementor-element-a36cfe8 elementor-widget elementor-widget-heading\" data-id=\"a36cfe8\" data-element_type=\"widget\" data-settings=\"{&quot;_animation_mobile&quot;:&quot;fadeIn&quot;,&quot;_animation_tablet&quot;:&quot;fadeIn&quot;}\" data-widget_type=\"heading.default\">\n\t\t\t\t<div class=\"elementor-widget-container\">\n\t\t\t<h2 class=\"elementor-heading-title elementor-size-default\">United for peace<\/h2>\t\t<\/div>\n\t\t\t\t<\/div>\n\t\t\t\t<div class=\"elementor-element elementor-element-37a1dd7 elementor-share-buttons--align-center elementor-share-buttons--view-icon-text elementor-share-buttons--skin-gradient elementor-share-buttons--shape-square elementor-grid-0 elementor-share-buttons--color-official elementor-widget elementor-widget-share-buttons\" data-id=\"37a1dd7\" data-element_type=\"widget\" data-widget_type=\"share-buttons.default\">\n\t\t\t\t<div class=\"elementor-widget-container\">\n\t\t\t\t\t<div class=\"elementor-grid\">\n\t\t\t\t\t\t\t\t<div class=\"elementor-grid-item\">\n\t\t\t\t\t\t<div class=\"elementor-share-btn elementor-share-btn_facebook\">\n\t\t\t\t\t\t\t\t\t\t\t\t\t\t\t<span class=\"elementor-share-btn__icon\">\n\t\t\t\t\t\t\t\t<i class=\"fab fa-facebook\" aria-hidden=\"true\"><\/i>\t\t\t\t\t\t\t\t<span\n\t\t\t\t\t\t\t\t\tclass=\"elementor-screen-only\">Share on facebook<\/span>\n\t\t\t\t\t\t\t<\/span>\n\t\t\t\t\t\t\t\t\t\t\t\t\t\t\t\t\t\t\t\t\t\t<div class=\"elementor-share-btn__text\">\n\t\t\t\t\t\t\t\t\t\t\t\t\t\t\t\t\t\t\t<span class=\"elementor-share-btn__title\">\n\t\t\t\t\t\t\t\t\t\tFacebook\t\t\t\t\t\t\t\t\t<\/span>\n\t\t\t\t\t\t\t\t\t\t\t\t\t\t\t\t\t<\/div>\n\t\t\t\t\t\t\t\t\t\t\t\t\t<\/div>\n\t\t\t\t\t<\/div>\n\t\t\t\t\t\t\t\t\t<div class=\"elementor-grid-item\">\n\t\t\t\t\t\t<div class=\"elementor-share-btn elementor-share-btn_twitter\">\n\t\t\t\t\t\t\t\t\t\t\t\t\t\t\t<span class=\"elementor-share-btn__icon\">\n\t\t\t\t\t\t\t\t<i class=\"fab fa-twitter\" aria-hidden=\"true\"><\/i>\t\t\t\t\t\t\t\t<span\n\t\t\t\t\t\t\t\t\tclass=\"elementor-screen-only\">Share on twitter<\/span>\n\t\t\t\t\t\t\t<\/span>\n\t\t\t\t\t\t\t\t\t\t\t\t\t\t\t\t\t\t\t\t\t\t<div class=\"elementor-share-btn__text\">\n\t\t\t\t\t\t\t\t\t\t\t\t\t\t\t\t\t\t\t<span class=\"elementor-share-btn__title\">\n\t\t\t\t\t\t\t\t\t\tTwitter\t\t\t\t\t\t\t\t\t<\/span>\n\t\t\t\t\t\t\t\t\t\t\t\t\t\t\t\t\t<\/div>\n\t\t\t\t\t\t\t\t\t\t\t\t\t<\/div>\n\t\t\t\t\t<\/div>\n\t\t\t\t\t\t\t\t\t<div class=\"elementor-grid-item\">\n\t\t\t\t\t\t<div class=\"elementor-share-btn elementor-share-btn_linkedin\">\n\t\t\t\t\t\t\t\t\t\t\t\t\t\t\t<span class=\"elementor-share-btn__icon\">\n\t\t\t\t\t\t\t\t<i class=\"fab fa-linkedin\" aria-hidden=\"true\"><\/i>\t\t\t\t\t\t\t\t<span\n\t\t\t\t\t\t\t\t\tclass=\"elementor-screen-only\">Share on linkedin<\/span>\n\t\t\t\t\t\t\t<\/span>\n\t\t\t\t\t\t\t\t\t\t\t\t\t\t\t\t\t\t\t\t\t\t<div class=\"elementor-share-btn__text\">\n\t\t\t\t\t\t\t\t\t\t\t\t\t\t\t\t\t\t\t<span class=\"elementor-share-btn__title\">\n\t\t\t\t\t\t\t\t\t\tLinkedIn\t\t\t\t\t\t\t\t\t<\/span>\n\t\t\t\t\t\t\t\t\t\t\t\t\t\t\t\t\t<\/div>\n\t\t\t\t\t\t\t\t\t\t\t\t\t<\/div>\n\t\t\t\t\t<\/div>\n\t\t\t\t\t\t<\/div>\n\t\t\t\t<\/div>\n\t\t\t\t<\/div>\n\t\t\t\t\t\t<\/div>\n\t\t\t\t\t<\/div>\n\t\t<\/div>\n\t\t\t\t\t\t\t\t<\/div>\n\t\t\t\t\t<\/div>\n\t\t<\/section>\n\t\t\t\t<section class=\"elementor-section elementor-top-section elementor-element elementor-element-8622534 elementor-section-boxed elementor-section-height-default elementor-section-height-default\" data-id=\"8622534\" data-element_type=\"section\" data-settings=\"{&quot;jet_parallax_layout_list&quot;:[{&quot;jet_parallax_layout_image&quot;:{&quot;url&quot;:&quot;&quot;,&quot;id&quot;:&quot;&quot;},&quot;_id&quot;:&quot;f79e283&quot;,&quot;jet_parallax_layout_image_tablet&quot;:{&quot;url&quot;:&quot;&quot;,&quot;id&quot;:&quot;&quot;},&quot;jet_parallax_layout_image_mobile&quot;:{&quot;url&quot;:&quot;&quot;,&quot;id&quot;:&quot;&quot;},&quot;jet_parallax_layout_speed&quot;:{&quot;unit&quot;:&quot;%&quot;,&quot;size&quot;:50,&quot;sizes&quot;:[]},&quot;jet_parallax_layout_type&quot;:&quot;scroll&quot;,&quot;jet_parallax_layout_direction&quot;:null,&quot;jet_parallax_layout_fx_direction&quot;:null,&quot;jet_parallax_layout_z_index&quot;:&quot;&quot;,&quot;jet_parallax_layout_bg_x&quot;:50,&quot;jet_parallax_layout_bg_x_tablet&quot;:&quot;&quot;,&quot;jet_parallax_layout_bg_x_mobile&quot;:&quot;&quot;,&quot;jet_parallax_layout_bg_y&quot;:50,&quot;jet_parallax_layout_bg_y_tablet&quot;:&quot;&quot;,&quot;jet_parallax_layout_bg_y_mobile&quot;:&quot;&quot;,&quot;jet_parallax_layout_bg_size&quot;:&quot;auto&quot;,&quot;jet_parallax_layout_bg_size_tablet&quot;:&quot;&quot;,&quot;jet_parallax_layout_bg_size_mobile&quot;:&quot;&quot;,&quot;jet_parallax_layout_animation_prop&quot;:&quot;transform&quot;,&quot;jet_parallax_layout_on&quot;:[&quot;desktop&quot;,&quot;tablet&quot;]}]}\">\n\t\t\t\t\t\t<div class=\"elementor-container elementor-column-gap-default\">\n\t\t\t\t\t\t\t<div class=\"elementor-row\">\n\t\t\t\t\t<div class=\"elementor-column elementor-col-100 elementor-top-column elementor-element elementor-element-2c772ab\" data-id=\"2c772ab\" data-element_type=\"column\">\n\t\t\t<div class=\"elementor-column-wrap elementor-element-populated\">\n\t\t\t\t\t\t\t<div class=\"elementor-widget-wrap\">\n\t\t\t\t\t\t<div class=\"elementor-element elementor-element-05fc7f1 elementor-widget elementor-widget-image\" data-id=\"05fc7f1\" data-element_type=\"widget\" data-widget_type=\"image.default\">\n\t\t\t\t<div class=\"elementor-widget-container\">\n\t\t\t\t\t\t\t\t<div class=\"elementor-image\">\n\t\t\t\t\t\t\t\t\t\t\t\t<img width=\"1220\" height=\"592\" src=\"https:\/\/www.zjednotenizamier.sk\/wp-content\/uploads\/2022\/01\/ZZm-obr.1.png\" class=\"attachment-full size-full\" alt=\"\" loading=\"lazy\" srcset=\"https:\/\/www.zjednotenizamier.sk\/wp-content\/uploads\/2022\/01\/ZZm-obr.1.png 1220w, https:\/\/www.zjednotenizamier.sk\/wp-content\/uploads\/2022\/01\/ZZm-obr.1-300x146.png 300w, https:\/\/www.zjednotenizamier.sk\/wp-content\/uploads\/2022\/01\/ZZm-obr.1-1024x497.png 1024w, https:\/\/www.zjednotenizamier.sk\/wp-content\/uploads\/2022\/01\/ZZm-obr.1-768x373.png 768w\" sizes=\"(max-width: 1220px) 100vw, 1220px\" \/>\t\t\t\t\t\t\t\t\t\t\t\t\t\t<\/div>\n\t\t\t\t\t\t<\/div>\n\t\t\t\t<\/div>\n\t\t\t\t<div class=\"elementor-element elementor-element-33ea2a2 elementor-invisible elementor-widget elementor-widget-text-editor\" data-id=\"33ea2a2\" data-element_type=\"widget\" data-settings=\"{&quot;_animation&quot;:&quot;fadeIn&quot;,&quot;_animation_tablet&quot;:&quot;fadeIn&quot;,&quot;_animation_mobile&quot;:&quot;fadeIn&quot;}\" data-widget_type=\"text-editor.default\">\n\t\t\t\t<div class=\"elementor-widget-container\">\n\t\t\t\t\t\t\t\t<div class=\"elementor-text-editor elementor-clearfix\">\n\t\t\t\t<p>The world is dangerously approaching a new global confrontation. The international order is in ruins. The great powers have long undermined the contract-based rules by purposeful interpretation, ignoring the principles of peaceful coexistence and ruthless military aggression. The result is chaos, hypocrisy and arbitrariness in international relations. There is no innocence in the dispute over where we have come in the last quarter century. People agree on one thing: we all want peace. However, not all of us are working for him. We therefore consider it essential to halt the spiraling militarism, violence and hatred, to subscribe to the traditions of humanism, peace and non-violence and to call on all people of good will to jointly adopt and promote measures that will lead to a culture of peace, cooperation and security for all.<span style=\"font-family: var( --e-global-typography-a1d3ca0-font-family ), Sans-serif; font-size: var( --e-global-typography-a1d3ca0-font-size ); font-weight: var( --e-global-typography-a1d3ca0-font-weight ); letter-spacing: var( --e-global-typography-a1d3ca0-letter-spacing ); text-transform: var( --e-global-typography-a1d3ca0-text-transform ); color: #000000;\"><br \/><\/span><\/p><p><span style=\"font-weight: bolder; letter-spacing: 0px;\">We consider it a huge mistake for the international community to deviate from the principles of the Paris Charter for a New Europe adopted at the November 1990 summit. In it, all European states, but also the Soviet Union, the United States and Canada, agreed that security is indivisible and that it is not possible to strengthen the security of one at the expense of the other. That is why we consider the creation of exclusive military blocs that step up armaments and confrontation to be obsolete and dangerous. It is high time to return to the ideals that ended the ideological rivalry between the two superpowers. It is high time to call on the responsible representatives of parties, states and international organizations: seek a new world order that meets the needs and experiences of the present, guarantees equal security for all and commits all nations to work together to strengthen global peace, cooperation and justice. It is your duty to the peaceful people!<\/span><\/p><p>Shortly after World War II, in an atmosphere of euphoria over the end of the six-year agony of mankind, Albert Einstein, Bertrand Russel and Thomas Mann warned the international community that the UN Charter would prove to be a tragic illusion if we did not take stronger steps to organize peace if we war only by contractual agreements between sovereign states. Unfortunately, even this time the world leaders have failed to propose anything better than repeating an experiment whose absolute or desperate vanity has been proven so many times. Sovereignty in international relations leaves the rival powers to arbitrariness, as a result of which international law applies only to small and weak states that undermine the interests of the hegemon. These rules stand in the way of a higher principle governing international relations.<\/p><p><span style=\"font-weight: bolder;\">We want to take the peace movement to the next level. We do not want to be just defenders of peace, but its creators. Based on the 1999 UN Declaration on a Culture of Peace and Non-Violence, we do not want to limit ourselves to desperate protests against the war at a time when the fire has spread. We want to focus on creating a culture of peace and non-violence as a prerequisite for the peaceful coexistence of all people on Earth.<\/span><\/p><h4>THEREFORE WE PROCEED:<\/h4><ul style=\"font-size: 15px; background-color: #ffffff;\"><li style=\"font-size: 15px;\"><span style=\"color: #000000;\">to replace faith in power and the worship of power with a culture of peace<\/span><\/li><li style=\"font-size: 15px;\"><span style=\"color: #000000;\">to replace the mentality of hostility with understanding, tolerance and solidarity<\/span><\/li><li style=\"font-size: 15px;\"><span style=\"color: #000000;\">to replace authoritarian rule with the democratic participation of all people<\/span><\/li><li style=\"font-size: 15px;\"><span style=\"color: #000000;\">to replace secrecy and propaganda policies with a free and comprehensive flow of information<\/span><\/li><li style=\"font-size: 15px;\"><span style=\"color: #000000;\">to replace the pressure to increase armaments with disarmament<\/span><\/li><li style=\"font-size: 15px;\"><span style=\"color: #000000;\">that human abuse is replaced by the development of their human rights<\/span><\/li><li style=\"font-size: 15px;\"><span style=\"color: #000000;\">that a ruthless profit-based economy be replaced by social justice and respect for the needs of all people according to the principle of equality<\/span><\/li><li style=\"font-size: 15px;\"><span style=\"color: #000000;\">that the plundering of nature is replaced by the philosophy of sustainable living.<\/span><\/li><\/ul><div>\u00a0<\/div><h4>THAT&#8217;S WHY WE CALL ALL PEOPLE OF GOOD WILL TO CHANGE OUR POLITICAL AND SOCIAL PRIORITIES IN THIS SPIRIT:<\/h4><ul style=\"font-size: 15px; background-color: #ffffff;\"><li style=\"font-size: 15px;\">We call on the political leaders to design, support and promote the creation of a new security architecture, which will include states hitherto described as hostile.<\/li><li style=\"font-size: 15px;\">We call on the relevant ministries to rigorously apply the principles of the UN Declaration on a Culture of Peace and Non-Violence in practice, to introduce a culture of peace and non-violence into the curriculum, to support policies based on these principles.<\/li><li style=\"font-size: 15px;\">We call on voters to support only those politicians who subscribe to the peace principles set out in this document, commit themselves to respecting them and will enforce them in practice.<\/li><li style=\"font-size: 15px;\">We call on representatives of churches, NGOs, cultural, scientific and social figures to actively promote peaceful solutions to become envoys of peace and the liberation of the human spirit from inclinations to violence, and to encourage them to defend minority views of empathy, belonging and rationality in a majority atmosphere. hatred, fear and passion.<\/li><\/ul><div>\u00a0<\/div><p><span style=\"font-weight: bolder;\">It must be said openly that there are politicians, journalists and activists who cultivate hatred, prejudice and phobias in society, sometimes going beyond chauvinism, that we have public officials who are always willing and ready to defend the war, support armaments and prioritize confrontation. We consider it important to distance yourself from such people. More weapons means less trust, more soldiers means less cooperation. We do not want to see our countries as states through which military convoys move and establish military bases, but as states in which peace initiatives are born and culture, science and education flourish. We want Central Europe to be a bridge of friendship, not the frontier of confrontation, to form itself as a dove of peace, not as a poodle of power, to create a just world order in which the great powers do not behave like gangsters and small states as their prostitutes. We want people to come together, not divide.<\/span><\/p><p>War is the loss of everyone. It is a failure of human reason, it is an inability to understand the other, it is a barbaric resignation to a civilized solution to the dispute. Peace is not the defeat of the other, peace is the victory of all. Surrender without removing the causes of the conflict is not a peace, just a temporary truce that accumulates all the unresolved wrongs until a new war breaks out. We want to overcome the vicious circle of violence and lay the foundations for lasting peace. We are not naive not to see conflicts and disputes, but we believe that their solution should be sought at the negotiating table and not on the battlefield. Without a new security architecture that eliminates inequalities in international relations, there will be neither functional security nor sustainable peace. At the beginning of such a process is not the negotiations of technical experts, but the strong will of peaceful people. It is therefore important that spiritually and morally independent personalities unite their influence and forces in defending brotherhood among nations, in promoting a culture of peace, and in rejecting war as the most heinous of all crimes.<\/p>\t\t\t\t\t<\/div>\n\t\t\t\t\t\t<\/div>\n\t\t\t\t<\/div>\n\t\t\t\t<div class=\"elementor-element elementor-element-d156d8f elementor-widget elementor-widget-heading\" data-id=\"d156d8f\" data-element_type=\"widget\" data-widget_type=\"heading.default\">\n\t\t\t\t<div class=\"elementor-widget-container\">\n\t\t\t<h3 class=\"elementor-heading-title elementor-size-default\">LIST OF SIGNATORIES<\/h3>\t\t<\/div>\n\t\t\t\t<\/div>\n\t\t\t\t<div class=\"elementor-element elementor-element-2b29b02 elementor-widget elementor-widget-text-editor\" data-id=\"2b29b02\" data-element_type=\"widget\" data-widget_type=\"text-editor.default\">\n\t\t\t\t<div class=\"elementor-widget-container\">\n\t\t\t\t\t\t\t\t<div class=\"elementor-text-editor elementor-clearfix\">\n\t\t\t\t<p><b style=\"font-size: 15px; color: var( --e-global-color-text ); font-family: var( --e-global-typography-a1d3ca0-font-family ), Sans-serif; letter-spacing: var( --e-global-typography-a1d3ca0-letter-spacing ); word-spacing: var( --e-global-typography-a1d3ca0-word-spacing );\">Alexander A\u010d<\/b><span style=\"font-size: 15px; color: var( --e-global-color-text ); font-family: var( --e-global-typography-a1d3ca0-font-family ), Sans-serif; font-weight: var( --e-global-typography-a1d3ca0-font-weight ); letter-spacing: var( --e-global-typography-a1d3ca0-letter-spacing ); word-spacing: var( --e-global-typography-a1d3ca0-word-spacing );\">, environmentalist, researcher at the Academy of Sciences of the Czech Republic (SK)<br \/><\/span><span style=\"font-size: 15px;\"><b>Anton Bal\u00e1\u017e<\/b>, writer and publicist (SK)<br \/><\/span><span style=\"font-size: 15px;\"><b>Jozef Ban\u00e1\u0161<\/b>, writer (SK)<br \/><\/span><span style=\"font-size: 15px;\"><b>Mari\u00e1n Ban\u010dej<\/b>, writer (SK)<br \/><\/span><span style=\"font-size: 15px;\"><strong>Rudolf Belan<\/strong>, publisher (SK)<br \/><\/span><span style=\"font-size: 15px;\"><strong>Viera Benkov\u00e1<\/strong>, writer (Ba\u010dki Petrovac, Serbia)<br \/><\/span><span style=\"font-size: 15px;\"><strong>Vladim\u00edr Blaho<\/strong>, theatre and music critic (SK)<br \/><\/span><span style=\"font-size: 15px;\"><strong>V\u00e1clav C\u00edlek<\/strong>, geologist, climatologist and philosopher (CZ)<br \/><\/span><span style=\"font-size: 15px;\"><strong>J\u00e1n \u010carnogursk\u00fd<\/strong>, lawyer, former Prime Minister of the Slovak Republic (SK)<br \/><\/span><span style=\"font-size: 15px;\"><strong>Milan Daniel<\/strong>, journalist (CZ)<br \/><\/span><span style=\"font-size: 15px;\"><strong>Milan Dub\u010dek<\/strong>, diplomat, son of Alexander Dub\u010dek(SK)<br \/><\/span><span style=\"font-size: 15px;\"><strong>Vladim\u00edr Farka\u0161<\/strong>, biochemist (SK)<br \/><\/span><span style=\"font-size: 15px;\"><strong>Etela Farka\u0161ov\u00e1<\/strong>, philosopher and writer\u00a0 (SK)<br \/><\/span><span style=\"font-size: 15px;\"><strong>Milan Ft\u00e1\u010dnik<\/strong>, university professor, former Minister of Education (SK)<br \/><\/span><span style=\"font-size: 15px;\"><strong>Franti\u0161ek Gah\u00e9r<\/strong>, philosopher, former Rector of the Comenius University (SK)<br \/><\/span><span style=\"font-size: 15px;\"><strong>Ivan Ga\u0161parovi\u010d<\/strong>, former President of the Slovak Republic (SK)<br \/><\/span><span style=\"font-size: 15px;\"><strong>Radovan Geist<\/strong>, political scientist (SK)<br \/><\/span><span style=\"font-size: 15px;\"><strong>Vladim\u00edr God\u00e1r<\/strong>, music composer (SK)<br \/><\/span><span style=\"font-size: 15px;\"><strong>Jozef Hab\u00e1nik<\/strong>, Rector of the Tren\u010d\u00edn University of Alexander Dub\u010dek (SK)<br \/><\/span><span style=\"font-size: 15px;\"><strong>Alexander Halvon\u00edk<\/strong>, literary critic and writer (SK)<br \/><\/span><span style=\"font-size: 15px;\"><strong>Pavol Hammel<\/strong>, singer (SK)<br \/><\/span><span style=\"font-size: 15px;\"><strong>Martin Hekrdla<\/strong>, journalist (CZ)<br \/><\/span><span style=\"font-size: 15px;\"><strong>Jozef Heriban<\/strong>, writer and screenwriter (SK)<br \/><\/span><span style=\"font-size: 15px;\"><strong>Ivan Hoffman<\/strong>, journalist, songwriter, protagonist of the Velvet Revolution (CZ)<br \/><\/span><span style=\"font-size: 15px;\"><strong>Marek Hrubec<\/strong>, philosopher and social scientist (CZ)<br \/><\/span><span style=\"font-size: 15px;\"><strong>Anton Hykisch<\/strong>, writer (SK)<br \/><\/span><span style=\"font-size: 15px;\"><strong>Eduard Chmel\u00e1r<\/strong>, historian, Rector of the Media Academy (SK)<br \/><\/span><span style=\"font-size: 15px;\"><strong>Juraj Jakubisko<\/strong>, film director (SK)<br \/><\/span><span style=\"font-size: 15px;\"><strong>Peter Jaro\u0161<\/strong>, writer (SK)<br \/><\/span><span style=\"font-size: 15px;\"><strong>Jan Kavan<\/strong>, former Chair of the UN General Assembly and former Foreign Affairs Minister(CZ)<br \/><\/span><span style=\"font-size: 15px;\"><strong>Norbert Kelecs\u00e9nyi<\/strong>, sculptor (SK)<br \/><\/span><span style=\"font-size: 15px;\"><strong>Eva Koll\u00e1rov\u00e1<\/strong>, Director of the Institute of Russian-Slovak Cultural Studies of the Pedagogical Faculty of the Catholic University (SK)<br \/><\/span><span style=\"font-size: 15px;\"><strong>Michal Kov\u00e1\u010d<\/strong>, former President of the Slovak Republic (SK)<br \/><\/span><span style=\"font-size: 15px;\"><strong>M\u00e1ria Kr\u00e1\u013eovi\u010dov\u00e1<\/strong>, actress (SK)<br \/><\/span><span style=\"font-size: 15px;\"><strong>Oskar Krej\u010d\u00ed<\/strong>, political scientist, Vice-Rector of the Academy of International and Public Relations (CZ)<br \/><\/span><span style=\"font-size: 15px;\"><strong>Rudolf Kropil<\/strong>, President of the Slovak Rectors\u00b4 Conference, Rector of the Technical University in Zvolen (SK)<br \/><\/span><span style=\"font-size: 15px;\"><strong>Adriana Ku\u010derov\u00e1<\/strong>, opera singer (SK)<br \/><\/span><span style=\"font-size: 15px;\"><strong>Peter Lipa<\/strong>, singer and composer (SK)<br \/><\/span><span style=\"font-size: 15px;\"><strong>Jozef Lys\u00fd<\/strong>, political scientist (SK)<br \/><\/span><span style=\"font-size: 15px;\"><strong>Albert Maren\u010din<\/strong>, writer and screenwriter (SK)<br \/><\/span><span style=\"font-size: 15px;\"><strong>Jozef Miga\u0161<\/strong>, diplomat, former Speaker of the National Council of the Slovak Republic (SK)<br \/><\/span><span style=\"font-size: 15px;\"><strong>Franti\u0161ek Novos\u00e1d<\/strong>, philosopher (SK)<br \/><\/span><span style=\"font-size: 15px;\"><strong>Karol Pol\u00e1k<\/strong>, sports commentator (SK)<br \/><\/span><span style=\"font-size: 15px;\"><strong>Michal Pol\u00e1k<\/strong>, economist and philosopher (SK)<br \/><\/span><span style=\"font-size: 15px;\"><strong>Miro Proch\u00e1zka<\/strong>, film director (SK)<br \/><\/span><span style=\"font-size: 15px;\"><strong>Lenka Proch\u00e1zkov\u00e1<\/strong>, writer, signatory of Charter 77 (CZ)<br \/><\/span><span style=\"font-size: 15px;\"><strong>Miroslav Proke\u0161<\/strong>, environmentalist (CZ)<br \/><\/span><span style=\"font-size: 15px;\"><strong>Milan Ra\u0161la<\/strong>, Rector of the Academy of Fine Arts (SK)<br \/><\/span><span style=\"font-size: 15px;\"><strong>Gabriela Rothmayerov\u00e1<\/strong>, writer and publicist (SK)<br \/><\/span><span style=\"font-size: 15px;\"><strong>Silvia Ruppeldtov\u00e1<\/strong>, translator and publicist (SK)<br \/><\/span><span style=\"font-size: 15px;\"><strong>Ladislav Sabo<\/strong>, sculptor (SK)<br \/><\/span><span style=\"font-size: 15px;\"><strong>Tatiana Sedov\u00e1<\/strong>, philosopher (SK)<br \/><\/span><span style=\"font-size: 15px;\"><strong>Brigita Schm\u00f6gnerov\u00e1<\/strong>, economist, former Minister of Finance (SK)<br \/><\/span><span style=\"font-size: 15px;\"><strong>Rudolf Schuster<\/strong>, former President of the Slovak Republic (SK)<br \/><\/span><span style=\"font-size: 15px;\"><strong>Vladim\u00edr Skalsk\u00fd<\/strong>, President of the World Association of Slovaks Living Abroad (CZ)<br \/><\/span><span style=\"font-size: 15px;\"><strong>Karel Srp<\/strong>, Chair of the Jazz Section and former political prisoner (CZ)<br \/><\/span><span style=\"font-size: 15px;\"><strong>J\u00e1n Stena<\/strong>, sociologist (SK)<br \/><\/span><span style=\"font-size: 15px;\"><strong>Franti\u0161ek \u0160kvrnda<\/strong>, security expert (SK)<br \/><\/span><span style=\"font-size: 15px;\"><strong>Ivan \u0160tampach<\/strong>, theologian and publicist (CZ)<br \/><\/span><span style=\"font-size: 15px;\"><strong>Ilona \u0160vihl\u00edkov\u00e1<\/strong>, economist (CZ)<br \/><\/span><span style=\"font-size: 15px;\"><strong>Bra\u0148o Tich\u00fd<\/strong>, civil activist (SK)<br \/><\/span><span style=\"font-size: 15px;\"><strong>Viktor Timura<\/strong>, historian and writer (SK)<br \/><\/span><span style=\"font-size: 15px;\"><strong>Bo\u017eidara Turzonovov\u00e1<\/strong>, actress (SK)<br \/><\/span><span style=\"font-size: 15px;\"><strong>Petr Uhl<\/strong>, journalist, signatory of Charter 77 (CZ)<br \/><\/span><span style=\"font-size: 15px;\"><strong>Ter\u00e9zia Urs\u00ednyov\u00e1<\/strong>, musicologist (SK)<br \/><\/span><span style=\"font-size: 15px;\"><strong>Ondrej Zimka<\/strong>, painter (SK)<br \/><\/span><span style=\"font-size: 15px;\"><strong>Ondrej Zimka<\/strong> III., sculptor (SK)<br \/><\/span><span style=\"font-size: 15px;\"><strong>Milka Zimkov\u00e1<\/strong>, actress and writer (SK)<br \/><\/span><span style=\"letter-spacing: 0px;\"><strong>Milina Zimkov\u00e1<\/strong>, painter (SK)<br \/><\/span><span style=\"letter-spacing: 0px;\"><strong>Petr \u017dantovsk\u00fd<\/strong>, university professor, media analyst (CZ)<\/span><\/p>\t\t\t\t\t<\/div>\n\t\t\t\t\t\t<\/div>\n\t\t\t\t<\/div>\n\t\t\t\t<div class=\"elementor-element elementor-element-d24e728 elementor-invisible elementor-widget elementor-widget-text-editor\" data-id=\"d24e728\" data-element_type=\"widget\" data-settings=\"{&quot;_animation&quot;:&quot;fadeIn&quot;,&quot;_animation_tablet&quot;:&quot;fadeIn&quot;,&quot;_animation_mobile&quot;:&quot;fadeIn&quot;}\" data-widget_type=\"text-editor.default\">\n\t\t\t\t<div class=\"elementor-widget-container\">\n\t\t\t\t\t\t\t\t<div class=\"elementor-text-editor elementor-clearfix\">\n\t\t\t\t\t\t\t\t\t<\/div>\n\t\t\t\t\t\t<\/div>\n\t\t\t\t<\/div>\n\t\t\t\t\t\t<\/div>\n\t\t\t\t\t<\/div>\n\t\t<\/div>\n\t\t\t\t\t\t\t\t<\/div>\n\t\t\t\t\t<\/div>\n\t\t<\/section>\n\t\t\t\t\t\t<\/div>\n\t\t\t\t\t\t<\/div>\n\t\t\t\t\t<\/div>\n\t\t","protected":false},"excerpt":{"rendered":"<p>Share on facebook Facebook Share on twitter Twitter Share on linkedin LinkedIn The world is dangerously approaching a new global confrontation. The international order is in ruins. The great powers have long undermined the contract-based rules by purposeful interpretation, ignoring the principles of peaceful coexistence and ruthless military aggression. The result is chaos, hypocrisy and [&hellip;]<\/p>\n","protected":false},"author":1,"featured_media":0,"parent":0,"menu_order":0,"comment_status":"closed","ping_status":"closed","template":"","meta":[],"_links":{"self":[{"href":"https:\/\/www.zjednotenizamier.sk\/en\/wp-json\/wp\/v2\/pages\/2812"}],"collection":[{"href":"https:\/\/www.zjednotenizamier.sk\/en\/wp-json\/wp\/v2\/pages"}],"about":[{"href":"https:\/\/www.zjednotenizamier.sk\/en\/wp-json\/wp\/v2\/types\/page"}],"author":[{"embeddable":true,"href":"https:\/\/www.zjednotenizamier.sk\/en\/wp-json\/wp\/v2\/users\/1"}],"replies":[{"embeddable":true,"href":"https:\/\/www.zjednotenizamier.sk\/en\/wp-json\/wp\/v2\/comments?post=2812"}],"version-history":[{"count":33,"href":"https:\/\/www.zjednotenizamier.sk\/en\/wp-json\/wp\/v2\/pages\/2812\/revisions"}],"predecessor-version":[{"id":4446,"href":"https:\/\/www.zjednotenizamier.sk\/en\/wp-json\/wp\/v2\/pages\/2812\/revisions\/4446"}],"wp:attachment":[{"href":"https:\/\/www.zjednotenizamier.sk\/en\/wp-json\/wp\/v2\/media?parent=2812"}],"curies":[{"name":"wp","href":"https:\/\/api.w.org\/{rel}","templated":true}]}}