{"id":3357,"date":"2022-01-06T12:52:52","date_gmt":"2022-01-06T11:52:52","guid":{"rendered":"https:\/\/www.zjednotenizamier.sk\/unsere-leute\/"},"modified":"2022-02-03T12:48:56","modified_gmt":"2022-02-03T11:48:56","slug":"unsere-leute","status":"publish","type":"page","link":"https:\/\/www.zjednotenizamier.sk\/de\/unsere-leute\/","title":{"rendered":"Unsere Leute"},"content":{"rendered":"\t\t<div data-elementor-type=\"wp-page\" data-elementor-id=\"3357\" class=\"elementor elementor-3357 elementor-942\" data-elementor-settings=\"[]\">\n\t\t\t\t\t\t<div class=\"elementor-inner\">\n\t\t\t\t\t\t\t<div class=\"elementor-section-wrap\">\n\t\t\t\t\t\t\t<section class=\"elementor-section elementor-top-section elementor-element elementor-element-5279feb elementor-section-boxed elementor-section-height-default elementor-section-height-default\" data-id=\"5279feb\" data-element_type=\"section\" data-settings=\"{&quot;background_background&quot;:&quot;classic&quot;,&quot;jet_parallax_layout_list&quot;:[{&quot;_id&quot;:&quot;cec5813&quot;,&quot;jet_parallax_layout_image&quot;:{&quot;url&quot;:&quot;&quot;,&quot;id&quot;:&quot;&quot;},&quot;jet_parallax_layout_image_tablet&quot;:{&quot;url&quot;:&quot;&quot;,&quot;id&quot;:&quot;&quot;},&quot;jet_parallax_layout_image_mobile&quot;:{&quot;url&quot;:&quot;&quot;,&quot;id&quot;:&quot;&quot;},&quot;jet_parallax_layout_speed&quot;:{&quot;unit&quot;:&quot;%&quot;,&quot;size&quot;:50,&quot;sizes&quot;:[]},&quot;jet_parallax_layout_type&quot;:&quot;scroll&quot;,&quot;jet_parallax_layout_direction&quot;:null,&quot;jet_parallax_layout_fx_direction&quot;:null,&quot;jet_parallax_layout_z_index&quot;:&quot;&quot;,&quot;jet_parallax_layout_bg_x&quot;:50,&quot;jet_parallax_layout_bg_x_tablet&quot;:&quot;&quot;,&quot;jet_parallax_layout_bg_x_mobile&quot;:&quot;&quot;,&quot;jet_parallax_layout_bg_y&quot;:50,&quot;jet_parallax_layout_bg_y_tablet&quot;:&quot;&quot;,&quot;jet_parallax_layout_bg_y_mobile&quot;:&quot;&quot;,&quot;jet_parallax_layout_bg_size&quot;:&quot;auto&quot;,&quot;jet_parallax_layout_bg_size_tablet&quot;:&quot;&quot;,&quot;jet_parallax_layout_bg_size_mobile&quot;:&quot;&quot;,&quot;jet_parallax_layout_animation_prop&quot;:&quot;transform&quot;,&quot;jet_parallax_layout_on&quot;:[&quot;desktop&quot;,&quot;tablet&quot;]}]}\">\n\t\t\t\t\t\t<div class=\"elementor-container elementor-column-gap-default\">\n\t\t\t\t\t\t\t<div class=\"elementor-row\">\n\t\t\t\t\t<div class=\"elementor-column elementor-col-100 elementor-top-column elementor-element elementor-element-5109b4c\" data-id=\"5109b4c\" data-element_type=\"column\">\n\t\t\t<div class=\"elementor-column-wrap elementor-element-populated\">\n\t\t\t\t\t\t\t<div class=\"elementor-widget-wrap\">\n\t\t\t\t\t\t<div class=\"elementor-element elementor-element-416aca8 elementor-widget elementor-widget-heading\" data-id=\"416aca8\" data-element_type=\"widget\" data-settings=\"{&quot;_animation_mobile&quot;:&quot;fadeIn&quot;,&quot;_animation_tablet&quot;:&quot;fadeIn&quot;}\" data-widget_type=\"heading.default\">\n\t\t\t\t<div class=\"elementor-widget-container\">\n\t\t\t<h2 class=\"elementor-heading-title elementor-size-default\">Unsere Leute<\/h2>\t\t<\/div>\n\t\t\t\t<\/div>\n\t\t\t\t<div class=\"elementor-element elementor-element-d351b7a elementor-share-buttons--align-center elementor-share-buttons--view-icon-text elementor-share-buttons--skin-gradient elementor-share-buttons--shape-square elementor-grid-0 elementor-share-buttons--color-official elementor-widget elementor-widget-share-buttons\" data-id=\"d351b7a\" data-element_type=\"widget\" data-widget_type=\"share-buttons.default\">\n\t\t\t\t<div class=\"elementor-widget-container\">\n\t\t\t\t\t<div class=\"elementor-grid\">\n\t\t\t\t\t\t\t\t<div class=\"elementor-grid-item\">\n\t\t\t\t\t\t<div class=\"elementor-share-btn elementor-share-btn_facebook\">\n\t\t\t\t\t\t\t\t\t\t\t\t\t\t\t<span class=\"elementor-share-btn__icon\">\n\t\t\t\t\t\t\t\t<i class=\"fab fa-facebook\" aria-hidden=\"true\"><\/i>\t\t\t\t\t\t\t\t<span\n\t\t\t\t\t\t\t\t\tclass=\"elementor-screen-only\">Share on facebook<\/span>\n\t\t\t\t\t\t\t<\/span>\n\t\t\t\t\t\t\t\t\t\t\t\t\t\t\t\t\t\t\t\t\t\t<div class=\"elementor-share-btn__text\">\n\t\t\t\t\t\t\t\t\t\t\t\t\t\t\t\t\t\t\t<span class=\"elementor-share-btn__title\">\n\t\t\t\t\t\t\t\t\t\tFacebook\t\t\t\t\t\t\t\t\t<\/span>\n\t\t\t\t\t\t\t\t\t\t\t\t\t\t\t\t\t<\/div>\n\t\t\t\t\t\t\t\t\t\t\t\t\t<\/div>\n\t\t\t\t\t<\/div>\n\t\t\t\t\t\t\t\t\t<div class=\"elementor-grid-item\">\n\t\t\t\t\t\t<div class=\"elementor-share-btn elementor-share-btn_twitter\">\n\t\t\t\t\t\t\t\t\t\t\t\t\t\t\t<span class=\"elementor-share-btn__icon\">\n\t\t\t\t\t\t\t\t<i class=\"fab fa-twitter\" aria-hidden=\"true\"><\/i>\t\t\t\t\t\t\t\t<span\n\t\t\t\t\t\t\t\t\tclass=\"elementor-screen-only\">Share on twitter<\/span>\n\t\t\t\t\t\t\t<\/span>\n\t\t\t\t\t\t\t\t\t\t\t\t\t\t\t\t\t\t\t\t\t\t<div class=\"elementor-share-btn__text\">\n\t\t\t\t\t\t\t\t\t\t\t\t\t\t\t\t\t\t\t<span class=\"elementor-share-btn__title\">\n\t\t\t\t\t\t\t\t\t\tTwitter\t\t\t\t\t\t\t\t\t<\/span>\n\t\t\t\t\t\t\t\t\t\t\t\t\t\t\t\t\t<\/div>\n\t\t\t\t\t\t\t\t\t\t\t\t\t<\/div>\n\t\t\t\t\t<\/div>\n\t\t\t\t\t\t\t\t\t<div class=\"elementor-grid-item\">\n\t\t\t\t\t\t<div class=\"elementor-share-btn elementor-share-btn_linkedin\">\n\t\t\t\t\t\t\t\t\t\t\t\t\t\t\t<span class=\"elementor-share-btn__icon\">\n\t\t\t\t\t\t\t\t<i class=\"fab fa-linkedin\" aria-hidden=\"true\"><\/i>\t\t\t\t\t\t\t\t<span\n\t\t\t\t\t\t\t\t\tclass=\"elementor-screen-only\">Share on linkedin<\/span>\n\t\t\t\t\t\t\t<\/span>\n\t\t\t\t\t\t\t\t\t\t\t\t\t\t\t\t\t\t\t\t\t\t<div class=\"elementor-share-btn__text\">\n\t\t\t\t\t\t\t\t\t\t\t\t\t\t\t\t\t\t\t<span class=\"elementor-share-btn__title\">\n\t\t\t\t\t\t\t\t\t\tLinkedIn\t\t\t\t\t\t\t\t\t<\/span>\n\t\t\t\t\t\t\t\t\t\t\t\t\t\t\t\t\t<\/div>\n\t\t\t\t\t\t\t\t\t\t\t\t\t<\/div>\n\t\t\t\t\t<\/div>\n\t\t\t\t\t\t<\/div>\n\t\t\t\t<\/div>\n\t\t\t\t<\/div>\n\t\t\t\t\t\t<\/div>\n\t\t\t\t\t<\/div>\n\t\t<\/div>\n\t\t\t\t\t\t\t\t<\/div>\n\t\t\t\t\t<\/div>\n\t\t<\/section>\n\t\t\t\t<section class=\"elementor-section elementor-top-section elementor-element elementor-element-986f611 elementor-section-boxed elementor-section-height-default elementor-section-height-default\" data-id=\"986f611\" data-element_type=\"section\" data-settings=\"{&quot;jet_parallax_layout_list&quot;:[{&quot;jet_parallax_layout_image&quot;:{&quot;url&quot;:&quot;&quot;,&quot;id&quot;:&quot;&quot;},&quot;_id&quot;:&quot;9dbb31e&quot;,&quot;jet_parallax_layout_image_tablet&quot;:{&quot;url&quot;:&quot;&quot;,&quot;id&quot;:&quot;&quot;},&quot;jet_parallax_layout_image_mobile&quot;:{&quot;url&quot;:&quot;&quot;,&quot;id&quot;:&quot;&quot;},&quot;jet_parallax_layout_speed&quot;:{&quot;unit&quot;:&quot;%&quot;,&quot;size&quot;:50,&quot;sizes&quot;:[]},&quot;jet_parallax_layout_type&quot;:&quot;scroll&quot;,&quot;jet_parallax_layout_direction&quot;:null,&quot;jet_parallax_layout_fx_direction&quot;:null,&quot;jet_parallax_layout_z_index&quot;:&quot;&quot;,&quot;jet_parallax_layout_bg_x&quot;:50,&quot;jet_parallax_layout_bg_x_tablet&quot;:&quot;&quot;,&quot;jet_parallax_layout_bg_x_mobile&quot;:&quot;&quot;,&quot;jet_parallax_layout_bg_y&quot;:50,&quot;jet_parallax_layout_bg_y_tablet&quot;:&quot;&quot;,&quot;jet_parallax_layout_bg_y_mobile&quot;:&quot;&quot;,&quot;jet_parallax_layout_bg_size&quot;:&quot;auto&quot;,&quot;jet_parallax_layout_bg_size_tablet&quot;:&quot;&quot;,&quot;jet_parallax_layout_bg_size_mobile&quot;:&quot;&quot;,&quot;jet_parallax_layout_animation_prop&quot;:&quot;transform&quot;,&quot;jet_parallax_layout_on&quot;:[&quot;desktop&quot;,&quot;tablet&quot;]}]}\">\n\t\t\t\t\t\t<div class=\"elementor-container elementor-column-gap-default\">\n\t\t\t\t\t\t\t<div class=\"elementor-row\">\n\t\t\t\t\t<div class=\"elementor-column elementor-col-100 elementor-top-column elementor-element elementor-element-f95c15f\" data-id=\"f95c15f\" data-element_type=\"column\">\n\t\t\t<div class=\"elementor-column-wrap elementor-element-populated\">\n\t\t\t\t\t\t\t<div class=\"elementor-widget-wrap\">\n\t\t\t\t\t\t<div class=\"elementor-element elementor-element-8b31206 elementor-widget elementor-widget-spacer\" data-id=\"8b31206\" data-element_type=\"widget\" data-widget_type=\"spacer.default\">\n\t\t\t\t<div class=\"elementor-widget-container\">\n\t\t\t\t\t<div class=\"elementor-spacer\">\n\t\t\t<div class=\"elementor-spacer-inner\"><\/div>\n\t\t<\/div>\n\t\t\t\t<\/div>\n\t\t\t\t<\/div>\n\t\t\t\t<div class=\"elementor-element elementor-element-fefb931 elementor-position-left elementor-vertical-align-top elementor-widget elementor-widget-image-box\" data-id=\"fefb931\" data-element_type=\"widget\" data-widget_type=\"image-box.default\">\n\t\t\t\t<div class=\"elementor-widget-container\">\n\t\t\t<div class=\"elementor-image-box-wrapper\"><figure class=\"elementor-image-box-img\"><img src=\"https:\/\/www.zjednotenizamier.sk\/wp-content\/uploads\/elementor\/thumbs\/eduard_chmelar_01-pim42k1s0yg57ovrt4mjhl36rbv71tjyrsht1uia38.png\" title=\"eduard_chmelar_01\" alt=\"eduard_chmelar_01\" \/><\/figure><div class=\"elementor-image-box-content\"><h3 class=\"elementor-image-box-title\">Doc. Mgr. Eduard Chmel\u00e1r, PhD. (1971)\u200b <br><small>Prezident<\/small><\/h3><p class=\"elementor-image-box-description\">Doc. Mgr. Eduard Chmel\u00e1r, PhD. - historik, politick\u00fd analytik, publicista, b\u00fdval\u00fd rektor Akad\u00e9mie m\u00e9di\u00ed a\u00a0kandid\u00e1t na prezidenta Slovenskej republiky. Pod\u013ea oxfordsk\u00fdch Dej\u00edn politick\u00e9ho myslenia v\u00a0strednej Eur\u00f3pe je \u201ek\u013e\u00fa\u010dovou postavou mierov\u00e9ho hnutia na Slovensku\u201c. Organizoval protesty proti bombardovaniu Juhosl\u00e1vie, viedol \u00faspe\u0161n\u00fa ob\u010diansku kampa\u0148 za zru\u0161enie z\u00e1kladnej vojenskej slu\u017eby, st\u00e1l na \u010dele najv\u00e4\u010d\u0161ej protivojnovej demon\u0161tr\u00e1cie v\u00a0dejin\u00e1ch Slovenska \u2013 pochodu proti vojne v\u00a0Iraku, re\u010dnil na desiatkach mierov\u00fdch zhroma\u017eden\u00ed a\u00a0f\u00f3r doma i\u00a0v\u00a0zahrani\u010d\u00ed. Bol predsedom peti\u010dn\u00e9ho v\u00fdboru za vyp\u00edsanie referenda proti vstupu do NATO. Je propag\u00e1torom filozofie nen\u00e1silia. Za svoju novin\u00e1rsku \u010dinnos\u0165 z\u00edskal nomin\u00e1ciu na Cenu Eur\u00f3pskeho parlamentu za \u017eurnalistiku za rok 2008. Je autorom \u0161tyroch kn\u00edh, nieko\u013ek\u00fdch desiatok odborn\u00fdch \u0161t\u00fadi\u00ed a\u00a0nosite\u013eom ceny Humanista roka 2021.<\/p><\/div><\/div>\t\t<\/div>\n\t\t\t\t<\/div>\n\t\t\t\t<div class=\"elementor-element elementor-element-cdecae9 elementor-widget-divider--view-line elementor-widget elementor-widget-divider\" data-id=\"cdecae9\" data-element_type=\"widget\" data-widget_type=\"divider.default\">\n\t\t\t\t<div class=\"elementor-widget-container\">\n\t\t\t\t\t<div class=\"elementor-divider\">\n\t\t\t<span class=\"elementor-divider-separator\">\n\t\t\t\t\t\t<\/span>\n\t\t<\/div>\n\t\t\t\t<\/div>\n\t\t\t\t<\/div>\n\t\t\t\t<div class=\"elementor-element elementor-element-c5bb3e1 elementor-position-left elementor-vertical-align-top elementor-widget elementor-widget-image-box\" data-id=\"c5bb3e1\" data-element_type=\"widget\" data-widget_type=\"image-box.default\">\n\t\t\t\t<div class=\"elementor-widget-container\">\n\t\t\t<div class=\"elementor-image-box-wrapper\"><figure class=\"elementor-image-box-img\"><img src=\"https:\/\/www.zjednotenizamier.sk\/wp-content\/uploads\/elementor\/thumbs\/iveta_kompisova_01-pim47jkyab9wt7mzos8a7ts87xaaw0cp4h3jpp432s.png\" title=\"iveta_kompisova_01\" alt=\"iveta_kompisova_01\" \/><\/figure><div class=\"elementor-image-box-content\"><h3 class=\"elementor-image-box-title\">Mgr. Iveta Kompi\u0161ov\u00e1, PhD.\u200b<br><small>Predsedn\u00ed\u010dka spr\u00e1vnej rady<\/small><\/h3><p class=\"elementor-image-box-description\">St\u00e1le \u017eijeme vo svete, kde s\u00fa mierotvorci a\u00a0pacifisti pova\u017eovan\u00ed za radik\u00e1lov a\u00a0ich v\u00fdznam je potla\u010dovan\u00fd. Pozrite sa ko\u013eko vojvodcov a\u00a0\u013eud\u00ed spojen\u00fdch s\u00a0vojnou m\u00e1 u\u00a0n\u00e1s sochu a\u00a0ko\u013eko s\u00f4ch maj\u00fa naopak \u013eudia, ktor\u00ed sa zasl\u00fa\u017eili o\u00a0mier? Ver\u00edm, \u017ee sa v\u00a0bud\u00facnosti dopracujeme k\u00a0tomu, \u017ee prestaneme vn\u00edma\u0165 t\u00fdchto \u013eud\u00ed ako naivn\u00fdch sn\u00edlkov, ktor\u00ed d\u00fafali v\u00a0nie\u010do, \u010do nie je mo\u017en\u00e9 a budeme ich sk\u00f4r ch\u00e1pa\u0165 ako predchodcov vlastn\u00fdch sn\u00e1h. Vy\u0161tudovala som medzin\u00e1rodn\u00e9 vz\u0165ahy, v ktor\u00fdch najvy\u0161\u0161ou hodnotou a\u00a0princ\u00edpom mus\u00ed by\u0165 pr\u00e1ve mier. Na rozdiel od bezpe\u010dnostnej sf\u00e9ry v\u0161ak oblas\u0165 mierov\u00fdch z\u00e1le\u017eitost\u00ed na Slovensku nie je pokryt\u00e1 \u017eiadnou in\u0161tit\u00faciou a slovo MIER u\u017e takmer u\u00a0n\u00e1s vymizol zo zahrani\u010dnopolitick\u00e9ho slovn\u00edka. Preto som sa v\u00a0roku 2020 rozhodla zalo\u017ei\u0165 ob\u010dianske zdru\u017eenie \u013dudia za mier \/ People for Peace, ktor\u00e9 sa v\u00a0j\u00fani 2021 zl\u00fa\u010dilo s\u00a0ob\u010dianskou iniciat\u00edvou Zjednoten\u00ed za mier, \u010d\u00edm vzniklo s\u00fa\u010dasn\u00e9 OZ Zjednoten\u00ed za mier, ktor\u00e9ho ciele a\u00a0aktivity n\u00e1jdete v na\u0161ich stanov\u00e1ch, na soci\u00e1lnych sie\u0165ach a\u00a0na tejto str\u00e1nke. Ver\u00edme, \u017ee v\u010faka osvete obyvate\u013estva a\u00a0jeho z\u00edskavaniu pre my\u0161lienky na\u0161ej mierovej iniciat\u00edvy aj my prispejeme k\u00a0tomu, aby sa zabr\u00e1nilo \u010fal\u0161\u00edm vojn\u00e1m a\u00a0konfliktom prostredn\u00edctvom sily organizovanej verejnej mienky.<\/p><\/div><\/div>\t\t<\/div>\n\t\t\t\t<\/div>\n\t\t\t\t<div class=\"elementor-element elementor-element-6e1c082 elementor-widget-divider--view-line elementor-widget elementor-widget-divider\" data-id=\"6e1c082\" data-element_type=\"widget\" data-widget_type=\"divider.default\">\n\t\t\t\t<div class=\"elementor-widget-container\">\n\t\t\t\t\t<div class=\"elementor-divider\">\n\t\t\t<span class=\"elementor-divider-separator\">\n\t\t\t\t\t\t<\/span>\n\t\t<\/div>\n\t\t\t\t<\/div>\n\t\t\t\t<\/div>\n\t\t\t\t<div class=\"elementor-element elementor-element-6e329f5 elementor-position-left elementor-vertical-align-top elementor-widget elementor-widget-image-box\" data-id=\"6e329f5\" data-element_type=\"widget\" data-widget_type=\"image-box.default\">\n\t\t\t\t<div class=\"elementor-widget-container\">\n\t\t\t<div class=\"elementor-image-box-wrapper\"><figure class=\"elementor-image-box-img\"><img src=\"https:\/\/www.zjednotenizamier.sk\/wp-content\/uploads\/elementor\/thumbs\/pavol_adamka_01-pim499matdmu3h4vmj1nse4nfcsj016zd05ldyk3o4.png\" title=\"pavol_adamka_01\" alt=\"pavol_adamka_01\" \/><\/figure><div class=\"elementor-image-box-content\"><h3 class=\"elementor-image-box-title\">Mgr. Pavol Adamka, PhD.\u200b<br><small>\u010clen spr\u00e1vnej rady, mana\u017e\u00e9r pre PR a social media marketing<\/small><\/h3><p class=\"elementor-image-box-description\">Takmer tri\u0161tvrtestoro\u010die sme v na\u0161om priestore neza\u017eili v\u00e4\u010d\u0161\u00ed vojensk\u00fd konflikt, ktor\u00fd by sa bezprostredne dotkol mojej gener\u00e1cie. Zvy\u0161ok sveta v\u0161ak tak\u00e9to \u0161\u0165astie nemalo a nem\u00e1, navy\u0161e sa ozbrojen\u00e9 konflikty pres\u00favaj\u00fa \u010doraz bli\u017e\u0161ie k n\u00e1m. Kv\u00f4li malichern\u00fdm z\u00e1mienkam a profitu p\u00e1r politikov a biznismenov trpia a zomieraj\u00fa \u013eudia, ni\u010dia sa ich domovy a hodnoty, vybudovan\u00e9 gener\u00e1ciami pred nami. A pritom sta\u010d\u00ed tak m\u00e1lo - vedie\u0165 sa porozpr\u00e1va\u0165 a dohodn\u00fa\u0165. \u017del\u00e1m si, aby u\u017e nikto nikdy vo svojom \u017eivote, ktor\u00fd je beztak dos\u0165 kr\u00e1tky a s\u00e1m osebe zlo\u017eit\u00fd, nezak\u00fasil hr\u00f4zy vojny a mohol sa slobodne rozv\u00edja\u0165 v mierovej spolo\u010dnosti.\u00a0<\/p><\/div><\/div>\t\t<\/div>\n\t\t\t\t<\/div>\n\t\t\t\t<div class=\"elementor-element elementor-element-b097226 elementor-widget-divider--view-line elementor-widget elementor-widget-divider\" data-id=\"b097226\" data-element_type=\"widget\" data-widget_type=\"divider.default\">\n\t\t\t\t<div class=\"elementor-widget-container\">\n\t\t\t\t\t<div class=\"elementor-divider\">\n\t\t\t<span class=\"elementor-divider-separator\">\n\t\t\t\t\t\t<\/span>\n\t\t<\/div>\n\t\t\t\t<\/div>\n\t\t\t\t<\/div>\n\t\t\t\t<div class=\"elementor-element elementor-element-8197a93 elementor-position-left elementor-vertical-align-top elementor-widget elementor-widget-image-box\" data-id=\"8197a93\" data-element_type=\"widget\" data-widget_type=\"image-box.default\">\n\t\t\t\t<div class=\"elementor-widget-container\">\n\t\t\t<div class=\"elementor-image-box-wrapper\"><figure class=\"elementor-image-box-img\"><img src=\"https:\/\/www.zjednotenizamier.sk\/wp-content\/uploads\/elementor\/thumbs\/katarina_jureckova_02-pim4a8ebu8yg11qczg2uuncpem13wu11tsak574j9w.png\" title=\"katarina_jureckova_02\" alt=\"katarina_jureckova_02\" \/><\/figure><div class=\"elementor-image-box-content\"><h3 class=\"elementor-image-box-title\">Mgr. Katar\u00edna Jure\u010dkov\u00e1\u200b<br><small>\u010clenka spr\u00e1vnej rady<\/small><\/h3><p class=\"elementor-image-box-description\">Vol\u00e1m sa Katar\u00edna Jure\u010dkov\u00e1, \u017eijem v Bratislave, vy\u0161tudovala som medzin\u00e1rodn\u00e9 vz\u0165ahy a diplomaciu na moskovskej univerzite MGIMO v Ruskej feder\u00e1cii. \u0160pecializujem sa na zahrani\u010dn\u00fd obchod a podnikate\u013esk\u00e9 prostredie. V minulosti som p\u00f4sobila na r\u00f4znych poz\u00edci\u00e1ch v \u0161t\u00e1tnej spr\u00e1ve, kde som sa dan\u00fdm agend\u00e1m intenz\u00edvne venovala. Moment\u00e1lne u\u017e 10. rok p\u00f4sob\u00edm v s\u00fakromnom sektore, kde sa venujem zahrani\u010dn\u00e9mu obchodu, verejn\u00fdm z\u00e1kazk\u00e1m a medzin\u00e1rodn\u00fdm projektom. Plynule hovor\u00edm po anglicky a rusky. Akt\u00edvne sa zauj\u00edmam o medzin\u00e1rodn\u00e9 dianie, hist\u00f3riu a politol\u00f3giu, najm\u00e4 o dejiny druhej svetovej vojny, studenej vojny a boj proti terorizmu. Pr\u00e1ve 2. svetov\u00e1 vojna je pre m\u0148a t\u00fdm mementom, pre\u010do treba podporova\u0165 a budova\u0165 mier, aby sa podobn\u00e1 udalos\u0165 u\u017e nikdy nezopakovala.\n\n<\/p><\/div><\/div>\t\t<\/div>\n\t\t\t\t<\/div>\n\t\t\t\t<div class=\"elementor-element elementor-element-ec1c8f7 elementor-widget-divider--view-line elementor-widget elementor-widget-divider\" data-id=\"ec1c8f7\" data-element_type=\"widget\" data-widget_type=\"divider.default\">\n\t\t\t\t<div class=\"elementor-widget-container\">\n\t\t\t\t\t<div class=\"elementor-divider\">\n\t\t\t<span class=\"elementor-divider-separator\">\n\t\t\t\t\t\t<\/span>\n\t\t<\/div>\n\t\t\t\t<\/div>\n\t\t\t\t<\/div>\n\t\t\t\t<div class=\"elementor-element elementor-element-aedbcab elementor-position-left elementor-vertical-align-top elementor-widget elementor-widget-image-box\" data-id=\"aedbcab\" data-element_type=\"widget\" data-widget_type=\"image-box.default\">\n\t\t\t\t<div class=\"elementor-widget-container\">\n\t\t\t<div class=\"elementor-image-box-wrapper\"><figure class=\"elementor-image-box-img\"><img src=\"https:\/\/www.zjednotenizamier.sk\/wp-content\/uploads\/elementor\/thumbs\/michal_zuskin_01-pim4d0z25is4jbo9o5jxrfz0yu9dsg4bvm3ihszes4.png\" title=\"michal_zuskin_01\" alt=\"michal_zuskin_01\" \/><\/figure><div class=\"elementor-image-box-content\"><h3 class=\"elementor-image-box-title\">Ing. arch. Michal Zuskin<br><small>Rev\u00edzor, architekt v rodinnej firme<\/small><\/h3><p class=\"elementor-image-box-description\">Aj z \u00facty k svojim predkom, ktor\u00fdch osudy boli silne podmienen\u00e9 soci\u00e1lnymi pomermi v monarchii, zasiahnut\u00e9 vojnami a \u017eivotom medzi nimi i v povojnovom obdob\u00ed,  r\u00e1d \u0161tudujem hist\u00f3riu a dokumenty s\u00favisiace so vznikom \u010ceskoslovenska, povojnov\u00e9ho usporiadania, ktor\u00e9 na cel\u00e9 desa\u0165ro\u010dia prinieslo mier a stabilitu aj v na\u0161om geografickom priestore.  Z\u00e1rove\u0148, \u010dasto so sm\u00fatkom, intenz\u00edvne sledujem dianie na Ukrajine, Bl\u00edzkom v\u00fdchode a s\u00fa\u010dasn\u00fa neschopnos\u0165 vyspel\u00e9ho sveta sprostredkova\u0165 mier, \u00factu, soci\u00e1lne i kult\u00farne porozumenie.\n\n<\/p><\/div><\/div>\t\t<\/div>\n\t\t\t\t<\/div>\n\t\t\t\t\t\t<\/div>\n\t\t\t\t\t<\/div>\n\t\t<\/div>\n\t\t\t\t\t\t\t\t<\/div>\n\t\t\t\t\t<\/div>\n\t\t<\/section>\n\t\t\t\t<section class=\"elementor-section elementor-top-section elementor-element elementor-element-ec645f0 elementor-section-boxed elementor-section-height-default elementor-section-height-default\" data-id=\"ec645f0\" data-element_type=\"section\" data-settings=\"{&quot;jet_parallax_layout_list&quot;:[{&quot;jet_parallax_layout_image&quot;:{&quot;url&quot;:&quot;&quot;,&quot;id&quot;:&quot;&quot;},&quot;_id&quot;:&quot;9f51543&quot;,&quot;jet_parallax_layout_image_tablet&quot;:{&quot;url&quot;:&quot;&quot;,&quot;id&quot;:&quot;&quot;},&quot;jet_parallax_layout_image_mobile&quot;:{&quot;url&quot;:&quot;&quot;,&quot;id&quot;:&quot;&quot;},&quot;jet_parallax_layout_speed&quot;:{&quot;unit&quot;:&quot;%&quot;,&quot;size&quot;:50,&quot;sizes&quot;:[]},&quot;jet_parallax_layout_type&quot;:&quot;scroll&quot;,&quot;jet_parallax_layout_direction&quot;:null,&quot;jet_parallax_layout_fx_direction&quot;:null,&quot;jet_parallax_layout_z_index&quot;:&quot;&quot;,&quot;jet_parallax_layout_bg_x&quot;:50,&quot;jet_parallax_layout_bg_x_tablet&quot;:&quot;&quot;,&quot;jet_parallax_layout_bg_x_mobile&quot;:&quot;&quot;,&quot;jet_parallax_layout_bg_y&quot;:50,&quot;jet_parallax_layout_bg_y_tablet&quot;:&quot;&quot;,&quot;jet_parallax_layout_bg_y_mobile&quot;:&quot;&quot;,&quot;jet_parallax_layout_bg_size&quot;:&quot;auto&quot;,&quot;jet_parallax_layout_bg_size_tablet&quot;:&quot;&quot;,&quot;jet_parallax_layout_bg_size_mobile&quot;:&quot;&quot;,&quot;jet_parallax_layout_animation_prop&quot;:&quot;transform&quot;,&quot;jet_parallax_layout_on&quot;:[&quot;desktop&quot;,&quot;tablet&quot;]}]}\">\n\t\t\t\t\t\t<div class=\"elementor-container elementor-column-gap-default\">\n\t\t\t\t\t\t\t<div class=\"elementor-row\">\n\t\t\t\t\t<div class=\"elementor-column elementor-col-100 elementor-top-column elementor-element elementor-element-25206ca\" data-id=\"25206ca\" data-element_type=\"column\">\n\t\t\t<div class=\"elementor-column-wrap elementor-element-populated\">\n\t\t\t\t\t\t\t<div class=\"elementor-widget-wrap\">\n\t\t\t\t\t\t<div class=\"elementor-element elementor-element-83617a8 elementor-widget elementor-widget-spacer\" data-id=\"83617a8\" data-element_type=\"widget\" data-widget_type=\"spacer.default\">\n\t\t\t\t<div class=\"elementor-widget-container\">\n\t\t\t\t\t<div class=\"elementor-spacer\">\n\t\t\t<div class=\"elementor-spacer-inner\"><\/div>\n\t\t<\/div>\n\t\t\t\t<\/div>\n\t\t\t\t<\/div>\n\t\t\t\t\t\t<\/div>\n\t\t\t\t\t<\/div>\n\t\t<\/div>\n\t\t\t\t\t\t\t\t<\/div>\n\t\t\t\t\t<\/div>\n\t\t<\/section>\n\t\t\t\t\t\t<\/div>\n\t\t\t\t\t\t<\/div>\n\t\t\t\t\t<\/div>\n\t\t","protected":false},"excerpt":{"rendered":"<p>Share on facebook Facebook Share on twitter Twitter Share on linkedin LinkedIn Doc. Mgr. Eduard Chmel\u00e1r, PhD. (1971)\u200b Prezident Doc. Mgr. Eduard Chmel\u00e1r, PhD. &#8211; historik, politick\u00fd analytik, publicista, b\u00fdval\u00fd rektor Akad\u00e9mie m\u00e9di\u00ed a\u00a0kandid\u00e1t na prezidenta Slovenskej republiky. Pod\u013ea oxfordsk\u00fdch Dej\u00edn politick\u00e9ho myslenia v\u00a0strednej Eur\u00f3pe je \u201ek\u013e\u00fa\u010dovou postavou mierov\u00e9ho hnutia na Slovensku\u201c. Organizoval protesty proti [&hellip;]<\/p>\n","protected":false},"author":1,"featured_media":0,"parent":0,"menu_order":0,"comment_status":"closed","ping_status":"closed","template":"","meta":[],"_links":{"self":[{"href":"https:\/\/www.zjednotenizamier.sk\/de\/wp-json\/wp\/v2\/pages\/3357"}],"collection":[{"href":"https:\/\/www.zjednotenizamier.sk\/de\/wp-json\/wp\/v2\/pages"}],"about":[{"href":"https:\/\/www.zjednotenizamier.sk\/de\/wp-json\/wp\/v2\/types\/page"}],"author":[{"embeddable":true,"href":"https:\/\/www.zjednotenizamier.sk\/de\/wp-json\/wp\/v2\/users\/1"}],"replies":[{"embeddable":true,"href":"https:\/\/www.zjednotenizamier.sk\/de\/wp-json\/wp\/v2\/comments?post=3357"}],"version-history":[{"count":3,"href":"https:\/\/www.zjednotenizamier.sk\/de\/wp-json\/wp\/v2\/pages\/3357\/revisions"}],"predecessor-version":[{"id":4140,"href":"https:\/\/www.zjednotenizamier.sk\/de\/wp-json\/wp\/v2\/pages\/3357\/revisions\/4140"}],"wp:attachment":[{"href":"https:\/\/www.zjednotenizamier.sk\/de\/wp-json\/wp\/v2\/media?parent=3357"}],"curies":[{"name":"wp","href":"https:\/\/api.w.org\/{rel}","templated":true}]}}