{"id":3441,"date":"2022-01-05T18:09:50","date_gmt":"2022-01-05T17:09:50","guid":{"rendered":"https:\/\/www.zjednotenizamier.sk\/sjednoceni-za-mir\/"},"modified":"2022-03-06T14:27:21","modified_gmt":"2022-03-06T13:27:21","slug":"sjednoceni-za-mir","status":"publish","type":"page","link":"https:\/\/www.zjednotenizamier.sk\/cs\/sjednoceni-za-mir\/","title":{"rendered":"Sjednocen\u00ed za m\u00edr"},"content":{"rendered":"\t\t<div data-elementor-type=\"wp-page\" data-elementor-id=\"3441\" class=\"elementor elementor-3441 elementor-649\" data-elementor-settings=\"[]\">\n\t\t\t\t\t\t<div class=\"elementor-inner\">\n\t\t\t\t\t\t\t<div class=\"elementor-section-wrap\">\n\t\t\t\t\t\t\t<section class=\"elementor-section elementor-top-section elementor-element elementor-element-26d8af4 elementor-section-boxed elementor-section-height-default elementor-section-height-default\" data-id=\"26d8af4\" data-element_type=\"section\" data-settings=\"{&quot;background_background&quot;:&quot;classic&quot;,&quot;jet_parallax_layout_list&quot;:[{&quot;_id&quot;:&quot;cec5813&quot;,&quot;jet_parallax_layout_image&quot;:{&quot;url&quot;:&quot;&quot;,&quot;id&quot;:&quot;&quot;},&quot;jet_parallax_layout_image_tablet&quot;:{&quot;url&quot;:&quot;&quot;,&quot;id&quot;:&quot;&quot;},&quot;jet_parallax_layout_image_mobile&quot;:{&quot;url&quot;:&quot;&quot;,&quot;id&quot;:&quot;&quot;},&quot;jet_parallax_layout_speed&quot;:{&quot;unit&quot;:&quot;%&quot;,&quot;size&quot;:50,&quot;sizes&quot;:[]},&quot;jet_parallax_layout_type&quot;:&quot;scroll&quot;,&quot;jet_parallax_layout_direction&quot;:null,&quot;jet_parallax_layout_fx_direction&quot;:null,&quot;jet_parallax_layout_z_index&quot;:&quot;&quot;,&quot;jet_parallax_layout_bg_x&quot;:50,&quot;jet_parallax_layout_bg_x_tablet&quot;:&quot;&quot;,&quot;jet_parallax_layout_bg_x_mobile&quot;:&quot;&quot;,&quot;jet_parallax_layout_bg_y&quot;:50,&quot;jet_parallax_layout_bg_y_tablet&quot;:&quot;&quot;,&quot;jet_parallax_layout_bg_y_mobile&quot;:&quot;&quot;,&quot;jet_parallax_layout_bg_size&quot;:&quot;auto&quot;,&quot;jet_parallax_layout_bg_size_tablet&quot;:&quot;&quot;,&quot;jet_parallax_layout_bg_size_mobile&quot;:&quot;&quot;,&quot;jet_parallax_layout_animation_prop&quot;:&quot;transform&quot;,&quot;jet_parallax_layout_on&quot;:[&quot;desktop&quot;,&quot;tablet&quot;]}]}\">\n\t\t\t\t\t\t<div class=\"elementor-container elementor-column-gap-default\">\n\t\t\t\t\t\t\t<div class=\"elementor-row\">\n\t\t\t\t\t<div class=\"elementor-column elementor-col-100 elementor-top-column elementor-element elementor-element-c211b49\" data-id=\"c211b49\" data-element_type=\"column\">\n\t\t\t<div class=\"elementor-column-wrap elementor-element-populated\">\n\t\t\t\t\t\t\t<div class=\"elementor-widget-wrap\">\n\t\t\t\t\t\t<div class=\"elementor-element elementor-element-a36cfe8 elementor-widget elementor-widget-heading\" data-id=\"a36cfe8\" data-element_type=\"widget\" data-settings=\"{&quot;_animation_mobile&quot;:&quot;fadeIn&quot;,&quot;_animation_tablet&quot;:&quot;fadeIn&quot;}\" data-widget_type=\"heading.default\">\n\t\t\t\t<div class=\"elementor-widget-container\">\n\t\t\t<h2 class=\"elementor-heading-title elementor-size-default\">Sjednocen\u00ed za m\u00edr<\/h2>\t\t<\/div>\n\t\t\t\t<\/div>\n\t\t\t\t<div class=\"elementor-element elementor-element-37a1dd7 elementor-share-buttons--align-center elementor-share-buttons--view-icon-text elementor-share-buttons--skin-gradient elementor-share-buttons--shape-square elementor-grid-0 elementor-share-buttons--color-official elementor-widget elementor-widget-share-buttons\" data-id=\"37a1dd7\" data-element_type=\"widget\" data-widget_type=\"share-buttons.default\">\n\t\t\t\t<div class=\"elementor-widget-container\">\n\t\t\t\t\t<div class=\"elementor-grid\">\n\t\t\t\t\t\t\t\t<div class=\"elementor-grid-item\">\n\t\t\t\t\t\t<div class=\"elementor-share-btn elementor-share-btn_facebook\">\n\t\t\t\t\t\t\t\t\t\t\t\t\t\t\t<span class=\"elementor-share-btn__icon\">\n\t\t\t\t\t\t\t\t<i class=\"fab fa-facebook\" aria-hidden=\"true\"><\/i>\t\t\t\t\t\t\t\t<span\n\t\t\t\t\t\t\t\t\tclass=\"elementor-screen-only\">Share on facebook<\/span>\n\t\t\t\t\t\t\t<\/span>\n\t\t\t\t\t\t\t\t\t\t\t\t\t\t\t\t\t\t\t\t\t\t<div class=\"elementor-share-btn__text\">\n\t\t\t\t\t\t\t\t\t\t\t\t\t\t\t\t\t\t\t<span class=\"elementor-share-btn__title\">\n\t\t\t\t\t\t\t\t\t\tFacebook\t\t\t\t\t\t\t\t\t<\/span>\n\t\t\t\t\t\t\t\t\t\t\t\t\t\t\t\t\t<\/div>\n\t\t\t\t\t\t\t\t\t\t\t\t\t<\/div>\n\t\t\t\t\t<\/div>\n\t\t\t\t\t\t\t\t\t<div class=\"elementor-grid-item\">\n\t\t\t\t\t\t<div class=\"elementor-share-btn elementor-share-btn_twitter\">\n\t\t\t\t\t\t\t\t\t\t\t\t\t\t\t<span class=\"elementor-share-btn__icon\">\n\t\t\t\t\t\t\t\t<i class=\"fab fa-twitter\" aria-hidden=\"true\"><\/i>\t\t\t\t\t\t\t\t<span\n\t\t\t\t\t\t\t\t\tclass=\"elementor-screen-only\">Share on twitter<\/span>\n\t\t\t\t\t\t\t<\/span>\n\t\t\t\t\t\t\t\t\t\t\t\t\t\t\t\t\t\t\t\t\t\t<div class=\"elementor-share-btn__text\">\n\t\t\t\t\t\t\t\t\t\t\t\t\t\t\t\t\t\t\t<span class=\"elementor-share-btn__title\">\n\t\t\t\t\t\t\t\t\t\tTwitter\t\t\t\t\t\t\t\t\t<\/span>\n\t\t\t\t\t\t\t\t\t\t\t\t\t\t\t\t\t<\/div>\n\t\t\t\t\t\t\t\t\t\t\t\t\t<\/div>\n\t\t\t\t\t<\/div>\n\t\t\t\t\t\t\t\t\t<div class=\"elementor-grid-item\">\n\t\t\t\t\t\t<div class=\"elementor-share-btn elementor-share-btn_linkedin\">\n\t\t\t\t\t\t\t\t\t\t\t\t\t\t\t<span class=\"elementor-share-btn__icon\">\n\t\t\t\t\t\t\t\t<i class=\"fab fa-linkedin\" aria-hidden=\"true\"><\/i>\t\t\t\t\t\t\t\t<span\n\t\t\t\t\t\t\t\t\tclass=\"elementor-screen-only\">Share on linkedin<\/span>\n\t\t\t\t\t\t\t<\/span>\n\t\t\t\t\t\t\t\t\t\t\t\t\t\t\t\t\t\t\t\t\t\t<div class=\"elementor-share-btn__text\">\n\t\t\t\t\t\t\t\t\t\t\t\t\t\t\t\t\t\t\t<span class=\"elementor-share-btn__title\">\n\t\t\t\t\t\t\t\t\t\tLinkedIn\t\t\t\t\t\t\t\t\t<\/span>\n\t\t\t\t\t\t\t\t\t\t\t\t\t\t\t\t\t<\/div>\n\t\t\t\t\t\t\t\t\t\t\t\t\t<\/div>\n\t\t\t\t\t<\/div>\n\t\t\t\t\t\t<\/div>\n\t\t\t\t<\/div>\n\t\t\t\t<\/div>\n\t\t\t\t\t\t<\/div>\n\t\t\t\t\t<\/div>\n\t\t<\/div>\n\t\t\t\t\t\t\t\t<\/div>\n\t\t\t\t\t<\/div>\n\t\t<\/section>\n\t\t\t\t<section class=\"elementor-section elementor-top-section elementor-element elementor-element-8622534 elementor-section-boxed elementor-section-height-default elementor-section-height-default\" data-id=\"8622534\" data-element_type=\"section\" data-settings=\"{&quot;jet_parallax_layout_list&quot;:[{&quot;jet_parallax_layout_image&quot;:{&quot;url&quot;:&quot;&quot;,&quot;id&quot;:&quot;&quot;},&quot;_id&quot;:&quot;f79e283&quot;,&quot;jet_parallax_layout_image_tablet&quot;:{&quot;url&quot;:&quot;&quot;,&quot;id&quot;:&quot;&quot;},&quot;jet_parallax_layout_image_mobile&quot;:{&quot;url&quot;:&quot;&quot;,&quot;id&quot;:&quot;&quot;},&quot;jet_parallax_layout_speed&quot;:{&quot;unit&quot;:&quot;%&quot;,&quot;size&quot;:50,&quot;sizes&quot;:[]},&quot;jet_parallax_layout_type&quot;:&quot;scroll&quot;,&quot;jet_parallax_layout_direction&quot;:null,&quot;jet_parallax_layout_fx_direction&quot;:null,&quot;jet_parallax_layout_z_index&quot;:&quot;&quot;,&quot;jet_parallax_layout_bg_x&quot;:50,&quot;jet_parallax_layout_bg_x_tablet&quot;:&quot;&quot;,&quot;jet_parallax_layout_bg_x_mobile&quot;:&quot;&quot;,&quot;jet_parallax_layout_bg_y&quot;:50,&quot;jet_parallax_layout_bg_y_tablet&quot;:&quot;&quot;,&quot;jet_parallax_layout_bg_y_mobile&quot;:&quot;&quot;,&quot;jet_parallax_layout_bg_size&quot;:&quot;auto&quot;,&quot;jet_parallax_layout_bg_size_tablet&quot;:&quot;&quot;,&quot;jet_parallax_layout_bg_size_mobile&quot;:&quot;&quot;,&quot;jet_parallax_layout_animation_prop&quot;:&quot;transform&quot;,&quot;jet_parallax_layout_on&quot;:[&quot;desktop&quot;,&quot;tablet&quot;]}]}\">\n\t\t\t\t\t\t<div class=\"elementor-container elementor-column-gap-default\">\n\t\t\t\t\t\t\t<div class=\"elementor-row\">\n\t\t\t\t\t<div class=\"elementor-column elementor-col-100 elementor-top-column elementor-element elementor-element-2c772ab\" data-id=\"2c772ab\" data-element_type=\"column\">\n\t\t\t<div class=\"elementor-column-wrap elementor-element-populated\">\n\t\t\t\t\t\t\t<div class=\"elementor-widget-wrap\">\n\t\t\t\t\t\t<div class=\"elementor-element elementor-element-05fc7f1 elementor-widget elementor-widget-image\" data-id=\"05fc7f1\" data-element_type=\"widget\" data-widget_type=\"image.default\">\n\t\t\t\t<div class=\"elementor-widget-container\">\n\t\t\t\t\t\t\t\t<div class=\"elementor-image\">\n\t\t\t\t\t\t\t\t\t\t\t\t<img width=\"1220\" height=\"592\" src=\"https:\/\/www.zjednotenizamier.sk\/wp-content\/uploads\/2022\/01\/ZZm-obr.1.png\" class=\"attachment-full size-full\" alt=\"\" loading=\"lazy\" srcset=\"https:\/\/www.zjednotenizamier.sk\/wp-content\/uploads\/2022\/01\/ZZm-obr.1.png 1220w, https:\/\/www.zjednotenizamier.sk\/wp-content\/uploads\/2022\/01\/ZZm-obr.1-300x146.png 300w, https:\/\/www.zjednotenizamier.sk\/wp-content\/uploads\/2022\/01\/ZZm-obr.1-1024x497.png 1024w, https:\/\/www.zjednotenizamier.sk\/wp-content\/uploads\/2022\/01\/ZZm-obr.1-768x373.png 768w\" sizes=\"(max-width: 1220px) 100vw, 1220px\" \/>\t\t\t\t\t\t\t\t\t\t\t\t\t\t<\/div>\n\t\t\t\t\t\t<\/div>\n\t\t\t\t<\/div>\n\t\t\t\t<div class=\"elementor-element elementor-element-33ea2a2 elementor-invisible elementor-widget elementor-widget-text-editor\" data-id=\"33ea2a2\" data-element_type=\"widget\" data-settings=\"{&quot;_animation&quot;:&quot;fadeIn&quot;,&quot;_animation_tablet&quot;:&quot;fadeIn&quot;,&quot;_animation_mobile&quot;:&quot;fadeIn&quot;}\" data-widget_type=\"text-editor.default\">\n\t\t\t\t<div class=\"elementor-widget-container\">\n\t\t\t\t\t\t\t\t<div class=\"elementor-text-editor elementor-clearfix\">\n\t\t\t\t<p style=\"text-align: justify;\">Sv\u011bt m\u00e1 nebezpe\u010dn\u011b bl\u00edzko k nov\u00e9 glob\u00e1ln\u00ed konfrontaci. Mezin\u00e1rodn\u00ed \u0159\u00e1d je v trosk\u00e1ch. Velmoci dlouhodob\u011b podkop\u00e1vaj\u00ed smluvn\u011b zakotven\u00e1 pravidla \u00fa\u010delov\u00fdm v\u00fdkladem, ignorov\u00e1n\u00edm z\u00e1sad m\u00edrov\u00e9ho sou\u017eit\u00ed i bezohlednou vojenskou agres\u00ed. V\u00fdsledkem jsou projevy chaosu, pokrytectv\u00ed a sv\u00e9vole v mezin\u00e1rodn\u00edch vztaz\u00edch. Hledat vin\u00edka za stav, do kter\u00e9ho jsme se za posledn\u00edch p\u011btadvacet let dostali, nikam nevede. Vinni jsme v\u0161ichni. V\u0161ichni se shodneme v jedn\u00e9 v\u011bci: chceme m\u00edr. Ne v\u0161ichni v\u0161ak o m\u00edr aktivn\u011b usilujeme. Proto pokl\u00e1d\u00e1me za nutn\u00e9 zastavit rozt\u00e1\u010dej\u00edc\u00ed se spir\u00e1lu militarismu, n\u00e1sil\u00ed a nen\u00e1visti, p\u0159ihl\u00e1sit se k tradic\u00edm humanismu, m\u00edru a nen\u00e1sil\u00ed a vyzvat v\u0161echny lidi dobr\u00e9 v\u016fle, aby spole\u010dn\u011b p\u0159ijali a prosazovali opat\u0159en\u00ed, kter\u00e1 nastol\u00ed kulturu m\u00edru, spolupr\u00e1ce a bezpe\u010dnosti pro v\u0161echny.<\/p>\n<p style=\"text-align: justify;\"><strong>Pokl\u00e1d\u00e1me za obrovskou chybu, \u017ee se mezin\u00e1rodn\u00ed spole\u010denstv\u00ed odklonilo od z\u00e1sad Pa\u0159\u00ed\u017esk\u00e9 charty za novou Evropu, p\u0159ijatou na summitu v listopadu 1990. V n\u00ed se v\u0161echny evropsk\u00e9 st\u00e1ty, ale tak\u00e9 Sov\u011btsk\u00fd svaz, USA a Kanada, shodli na tom, \u017ee bezpe\u010dnost je ned\u011bliteln\u00e1 a \u017ee nen\u00ed mo\u017en\u00e9 posilovat bezpe\u010dnost jedn\u011bch na \u00fakor druh\u00fdch. Proto pova\u017eujeme vytv\u00e1\u0159en\u00ed exkluzivn\u00edch vojensk\u00fdch blok\u016f, kter\u00e9 stup\u0148uj\u00ed zbrojen\u00ed a konfrontaci, za p\u0159ekonan\u00e9 a nebezpe\u010dn\u00e9. Je nejvy\u0161\u0161\u00ed \u010das vr\u00e1tit se k ide\u00e1l\u016fm, d\u00edky nim\u017e skon\u010dilo ideologick\u00e9 soupe\u0159en\u00ed dvou supervelmoc\u00ed. Je nejvy\u0161\u0161\u00ed \u010das vyzvat odpov\u011bdn\u00e9 p\u0159edstavitele stran, st\u00e1t\u016f a mezin\u00e1rodn\u00edch organizac\u00ed, aby hledali nov\u00fd sv\u011btov\u00fd \u0159\u00e1d, kter\u00fd bude odpov\u00eddat pot\u0159eb\u00e1m a zku\u0161enostem sou\u010dasnosti, kter\u00fd bude zaru\u010dovat stejnou bezpe\u010dnost pro v\u0161echny a zavazovat v\u0161echny n\u00e1rody ke spole\u010dn\u00e9 pr\u00e1ci ve prosp\u011bch pos\u00edlen\u00ed glob\u00e1ln\u00edho m\u00edru, spolupr\u00e1ce a spravedlnosti. Je to va\u0161e povinnost v\u016f\u010di m\u00edrumilovn\u00fdm lidem!<\/strong><\/p>\n<p style=\"text-align: justify;\">U\u017e t\u011bsn\u011b po druh\u00e9 sv\u011btov\u00e9 v\u00e1lce, v atmosf\u00e9\u0159e euforie, kter\u00e1 zavl\u00e1dla po \u0161estilet\u00e9 ag\u00f3nii lidstva, varovali Albert Einstein, Bertrand Russell a Thomas Mann mezin\u00e1rodn\u00ed spole\u010denstv\u00ed, \u017ee snaha odvr\u00e1tit v\u00e1lku pouze smluvn\u00edmi dohodami mezi suver\u00e9nn\u00edmi st\u00e1ty nesta\u010d\u00ed a \u017ee pokud se nepodniknou d\u016frazn\u011bj\u0161\u00ed kroky k organizaci m\u00edru, stane se Charta OSN pouhou tragickou iluz\u00ed. Sv\u011btov\u00ed l\u00edd\u0159i v\u0161ak bohu\u017eel nedok\u00e1zali navrhnout nic lep\u0161\u00edho, i tentokr\u00e1t \u0161lo jen o zoufal\u00fd pokus, kter\u00fd se u\u017e tolikr\u00e1t prok\u00e1zal jako marn\u00fd. Suverenita soupe\u0159\u00edc\u00edch velmoc\u00ed se v mezin\u00e1rodn\u00edch vztaz\u00edch projevuje zna\u010dnou sv\u00e9vol\u00ed, mezin\u00e1rodn\u00ed pr\u00e1vo je tak v kone\u010dn\u00e9m d\u016fsledku uplat\u0148ov\u00e1no jen v\u016f\u010di mal\u00fdm a slab\u00fdm st\u00e1t\u016fm. Z\u00e1jmy hegemona hraj\u00ed prim. To v\u0161e naru\u0161uje vy\u0161\u0161\u00ed princip regulace mezin\u00e1rodn\u00edch vztah\u016f.<\/p>\n<p style=\"text-align: justify;\"><strong>Chceme posunout m\u00edrov\u00e9 hnut\u00ed na vy\u0161\u0161\u00ed \u00farove\u0148. Nechceme b\u00fdt pouh\u00fdmi obr\u00e1nci m\u00edru, chceme b\u00fdt jeho tv\u016frci. Vych\u00e1zej\u00edce z Deklarace OSN za kulturu m\u00edru a nen\u00e1sil\u00ed z roku 1999 nechceme se omezovat pouze na zoufal\u00e9 protesty proti v\u00e1lce v dob\u011b, kdy se u\u017e v\u00e1le\u010dn\u00fd po\u017e\u00e1r rozho\u0159el. Vytv\u00e1\u0159en\u00ed kultury m\u00edru a nen\u00e1sil\u00ed je pro n\u00e1s hlavn\u00edm p\u0159edpokladem m\u00edrov\u00e9ho sou\u017eit\u00ed v\u0161ech lid\u00ed na Zemi.<\/strong><\/p>\n<h3 style=\"text-align: justify;\">Proto prosazujeme<\/h3>\n<ul>\n<li style=\"text-align: justify;\">aby byla v\u00edra v s\u00edlu a uct\u00edv\u00e1n\u00ed moci nahrazena vzd\u011bl\u00e1v\u00e1n\u00edm v oblasti kultury m\u00edru<\/li>\n<li style=\"text-align: justify;\">aby byla mentalita nep\u0159\u00e1telstv\u00ed nahrazena porozum\u011bn\u00edm, toleranc\u00ed a solidaritou<\/li>\n<li style=\"text-align: justify;\">aby bylo autoritativn\u00ed vl\u00e1dnut\u00ed nahrazeno demokratickou spolu\u00fa\u010dast\u00ed v\u0161ech lid\u00ed<\/li>\n<li style=\"text-align: justify;\">aby byla politika utajov\u00e1n\u00ed a propagandy nahrazena svobodn\u00fdm a v\u0161estrann\u00fdm tokem informac\u00ed<\/li>\n<li style=\"text-align: justify;\">aby byl tlak na zvy\u0161ov\u00e1n\u00ed zbrojen\u00ed nahrazen odzbrojov\u00e1n\u00edm<\/li>\n<li style=\"text-align: justify;\">aby bylo zneu\u017e\u00edv\u00e1n\u00ed lid\u00ed nahrazeno rozvojem jejich lidsk\u00fdch pr\u00e1v<\/li>\n<li style=\"text-align: justify;\">aby ekonomika zalo\u017een\u00e1 na bezohledn\u00e9m zisku byla nahrazena soci\u00e1ln\u00ed spravedlnost\u00ed a respektov\u00e1n\u00edm pot\u0159eb v\u0161ech lid\u00ed na z\u00e1klad\u011b principu rovnosti<\/li>\n<li style=\"text-align: justify;\">aby bylo drancov\u00e1n\u00ed p\u0159\u00edrody nahrazeno filosofi\u00ed udr\u017eiteln\u00e9ho \u017eivota.<\/li>\n<\/ul>\n<h3><br><\/h3><h3>Proto vyz\u00fdv\u00e1me v\u0161echny lidi dobr\u00e9 v\u016fle: zm\u011b\u0148me v tomto duchu sv\u00e9 politick\u00e9 a spole\u010densk\u00e9 priority!:<\/h3>\n<ul>\n<li>Vyz\u00fdv\u00e1me odpov\u011bdn\u00e9 politick\u00e9 p\u0159edstavitele, aby navrhovali, podporovali a prosazovali vytvo\u0159en\u00ed nov\u00e9 bezpe\u010dnostn\u00ed architektury, do n\u00ed\u017e budou zahrnuty i ty st\u00e1ty, kter\u00e9 byly dosud ozna\u010dov\u00e1ny za nep\u0159\u00e1telsk\u00e9.<\/li>\n<li>Vyz\u00fdv\u00e1me p\u0159\u00edslu\u0161n\u00e1 ministerstva, aby v praxi d\u016fsledn\u011b uplat\u0148ovala principy Deklarace OSN o kultu\u0159e m\u00edru a nen\u00e1sil\u00ed, aby do u\u010debn\u00edch osnov zavedla v\u00fdchovu ke kultu\u0159e m\u00edru a nen\u00e1sil\u00ed a aby podporovala politiku zalo\u017eenou na t\u011bchto z\u00e1sad\u00e1ch.<\/li>\n<li><span style=\"background-color: transparent; letter-spacing: 0px;\">Vyz\u00fdv\u00e1me voli\u010de, aby podporovali pouze takov\u00e9 politiky, kte\u0159\u00ed se p\u0159ihl\u00e1s\u00ed k m\u00edrov\u00fdm princip\u016fm uveden\u00fdm v tomto dokumentu, zav\u00e1\u017eou se je respektovat a budou je prosazovat v praxi.<\/span><\/li>\n<li><span style=\"background-color: transparent; letter-spacing: 0px;\">Vyz\u00fdv\u00e1me p\u0159edstavitele c\u00edrkv\u00ed, nevl\u00e1dn\u00edch organizac\u00ed, osobnosti kulturn\u00edho, v\u011bdeck\u00e9ho a spole\u010densk\u00e9ho \u017eivota, aby aktivn\u011b podporovali m\u00edrov\u00e1 \u0159e\u0161en\u00ed, aby se stali vyslanci m\u00edru a osvobozov\u00e1n\u00ed ducha \u010dlov\u011bka od sklon\u016f k&nbsp;n\u00e1sil\u00ed. Vyz\u00fdv\u00e1me je k odvaze br\u00e1nit men\u0161inov\u00e9 n\u00e1zory empatie, soun\u00e1le\u017eitosti a racionality ve v\u011bt\u0161inov\u00e9 atmosf\u00e9\u0159e nen\u00e1visti, strachu a v\u00e1\u0161n\u00ed.<br><br><\/span><\/li><\/ul><p><strong>Je pot\u0159eba otev\u0159en\u011b \u0159\u00edci, \u017ee tu jsou politici, novin\u00e1\u0159i a aktivist\u00e9, kte\u0159\u00ed ve spole\u010dnosti p\u011bstuj\u00ed nen\u00e1vist, p\u0159edsudky a fobie, je\u017e nejednou zach\u00e1zej\u00ed a\u017e za hranici \u0161ovinismu, \u017ee existuj\u00ed ve\u0159ejn\u00ed \u010dinitel\u00e9, kte\u0159\u00ed jsou v\u017edy ochotni a p\u0159ipraveni obhajovat v\u00e1lku, podpo\u0159it zbrojen\u00ed a up\u0159ednostnit konfrontaci. Pokl\u00e1d\u00e1me za d\u016fle\u017eit\u00e9 se od takov\u00fdchto lid\u00ed distancovat. V\u00edce zbran\u00ed znamen\u00e1 m\u00e9n\u011b d\u016fv\u011bry, v\u00edce voj\u00e1k\u016f znamen\u00e1 m\u00e9n\u011b spolupr\u00e1ce. Nep\u0159ejeme si, aby se p\u0159es na\u0161e zem\u011b p\u0159esouvaly vojensk\u00e9 konvoje a aby tu vznikaly vojensk\u00e9 z\u00e1kladny. Chceme st\u00e1t, v n\u011bm\u017e se rod\u00ed m\u00edrov\u00e9 iniciativy a vzkv\u00e9t\u00e1 kultura, v\u011bda a vzd\u011bl\u00e1n\u00ed. Chceme, aby st\u0159edn\u00ed Evropa byla mostem p\u0159\u00e1telstv\u00ed, ne hranic\u00ed konfrontace, aby m\u011bla podobu holubice m\u00edru, a ne pudl\u00edka moci. Chceme spravedliv\u00fd sv\u011btov\u00fd \u0159\u00e1d, ve kter\u00e9m se velmoci nebudou chovat jako gangste\u0159i a mal\u00e9 st\u00e1ty jako jejich prostitutky. Chceme, aby lidi poutaly vztahy p\u0159\u00edzn\u011b, ne aby se rozd\u011blovali.<\/strong><\/p>\n<p>V\u00e1lka znamen\u00e1 prohru pro v\u0161echny. Je to selh\u00e1n\u00ed lidsk\u00e9ho rozumu, je to neschopnost porozum\u011bt druh\u00e9mu, je to barbarsk\u00e1 rezignace na civilizovan\u00e9 \u0159e\u0161en\u00ed sporu. M\u00edr nen\u00ed por\u00e1\u017ekou druh\u00e9ho, m\u00edr je v\u00edt\u011bzstv\u00edm v\u0161ech. Kapitulace bez odstran\u011bn\u00ed p\u0159\u00ed\u010din konfliktu nen\u00ed m\u00edrem, je jen do\u010dasn\u00fdm p\u0159\u00edm\u011b\u0159\u00edm, kter\u00e9 v sob\u011b kumuluje v\u0161echny nevy\u0159e\u0161en\u00e9 k\u0159ivdy a\u017e k&nbsp;vypuknut\u00ed v\u00e1lky nov\u00e9. Chceme p\u0159ekonat za\u010darovan\u00fd kruh n\u00e1sil\u00ed a budovat z\u00e1klady trval\u00e9ho m\u00edru. Nejsme naivn\u00ed, abychom nevid\u011bli konflikty a spory, ale jsme p\u0159esv\u011bd\u010deni, \u017ee jejich \u0159e\u0161en\u00ed by se m\u011blo hledat za jednac\u00edm stolem, ne na boji\u0161ti. Bez nov\u00e9 bezpe\u010dnostn\u00ed architektury, kter\u00e1 odstran\u00ed z mezin\u00e1rodn\u00edch vztah\u016f nerovnost, nebude existovat ani funk\u010dn\u00ed bezpe\u010dnost, ani udr\u017eiteln\u00fd m\u00edr. A na za\u010d\u00e1tku tohoto procesu nestoj\u00ed techni\u010dt\u00ed experti, ale pevn\u00e1 v\u016fle m\u00edrumilovn\u00fdch lid\u00ed. Proto je d\u016fle\u017eit\u00e9, aby duchovn\u011b a mor\u00e1ln\u011b nez\u00e1visl\u00e9 osobnosti spojily sv\u016fj vliv a sv\u00e9 s\u00edly k obhajob\u011b bratrstv\u00ed mezi n\u00e1rody, k prosazov\u00e1n\u00ed kultury m\u00edru a k odm\u00edtnut\u00ed v\u00e1lky jako nejohavn\u011bj\u0161\u00edho ze v\u0161ech zlo\u010din\u016f.<\/p>\t\t\t\t\t<\/div>\n\t\t\t\t\t\t<\/div>\n\t\t\t\t<\/div>\n\t\t\t\t<div class=\"elementor-element elementor-element-feb5b80 elementor-widget elementor-widget-heading\" data-id=\"feb5b80\" data-element_type=\"widget\" data-widget_type=\"heading.default\">\n\t\t\t\t<div class=\"elementor-widget-container\">\n\t\t\t<h3 class=\"elementor-heading-title elementor-size-default\">Seznam signat\u00e1\u0159\u016f<\/h3>\t\t<\/div>\n\t\t\t\t<\/div>\n\t\t\t\t<div class=\"elementor-element elementor-element-d24e728 elementor-invisible elementor-widget elementor-widget-text-editor\" data-id=\"d24e728\" data-element_type=\"widget\" data-settings=\"{&quot;_animation&quot;:&quot;fadeIn&quot;,&quot;_animation_tablet&quot;:&quot;fadeIn&quot;,&quot;_animation_mobile&quot;:&quot;fadeIn&quot;}\" data-widget_type=\"text-editor.default\">\n\t\t\t\t<div class=\"elementor-widget-container\">\n\t\t\t\t\t\t\t\t<div class=\"elementor-text-editor elementor-clearfix\">\n\t\t\t\t<p><strong>Alexander A\u010d<\/strong>, environmentalista, v\u011bdeck\u00fd v\u00fdzkumn\u00edk Akademie v\u011bd \u010cR (SR)<br \/><strong>Anton Bal\u00e1\u017e<\/strong>, spisovatel a publicista (SR)<br \/><strong>Jozef Ban\u00e1\u0161<\/strong>, spisovatel (SR)<br \/><strong>Mari\u00e1n Ban\u010dej<\/strong>, spisovatel (SR)<br \/><strong>Rudolf Belan<\/strong>, vydavatel (SR)<br \/><strong>Viera Benkov\u00e1<\/strong>, spisovatelka (B\u00e1\u010dsky Petrovec, Srbsko)<br \/><strong>Vladim\u00edr Blaho<\/strong>, divadeln\u00ed a hudebn\u00ed kritik (SR)<br \/><strong>V\u00e1clav C\u00edlek<\/strong>, geolog, klimatolog a filozof (\u010cR)<br \/><strong>J\u00e1n \u010carnogursk\u00fd<\/strong>, advok\u00e1t, b\u00fdval\u00fd p\u0159edseda vl\u00e1dy SR (SR)<br \/><strong>Milan Daniel<\/strong>, novin\u00e1\u0159 (\u010cR)<br \/><strong>Milan Dub\u010dek<\/strong>, diplomat, syn Alexandra Dub\u010deka (SR)<br \/><strong>Vladim\u00edr Farka\u0161<\/strong>, biochemik (SR)<br \/><strong>Etela Farka\u0161ov\u00e1<\/strong>, filozofka a spisovatelka (SR)<br \/><strong>Milan Ft\u00e1\u010dnik<\/strong>, vysoko\u0161kolsk\u00fd u\u010ditel, b\u00fdval\u00fd ministr \u0161kolstv\u00ed (SR)<br \/><strong>Franti\u0161ek Gah\u00e9r<\/strong>, filozof, b\u00fdval\u00fd rektor Univerzity Komensk\u00e9ho (SR)<br \/><strong>Ivan Ga\u0161parovi\u010d<\/strong>, b\u00fdval\u00fd prezident Slovensk\u00e9 republiky (SR)<br \/><strong>Radovan Geist<\/strong>, politolog (SR)<br \/><strong>Vladim\u00edr God\u00e1r<\/strong>, hudebn\u00ed skladatel (SR)<br \/><strong>Jozef Hab\u00e1nik<\/strong>, rektor Tren\u010diansk\u00e9 univerzity Alexandra Dub\u010deka (SR)<br \/><strong>Alexander Halvon\u00edk<\/strong>, liter\u00e1rn\u00ed kritik a spisovatel (SR)<br \/><strong>Pavol Hammel<\/strong>, zp\u011bv\u00e1k (SR)<br \/><strong>Martin Hekrdla<\/strong>, novin\u00e1\u0159 (\u010cR)<br \/><strong>Jozef Heriban<\/strong>, spisovatel a scen\u00e1rista (SR)<br \/><strong>Ivan Hoffman<\/strong>, novin\u00e1\u0159, p\u00edsni\u010dk\u00e1\u0159, protagonista Sametov\u00e9 revoluce (\u010cR)<br \/><strong>Marek Hrubec<\/strong>, filozof a soci\u00e1ln\u00ed v\u011bdec (\u010cR)<br \/><strong>Anton Hykisch<\/strong>, spisovatel (SR)<br \/><strong>Eduard Chmel\u00e1r<\/strong>, historik, rektor Akad\u00e9mie m\u00e9di\u00ed (SR)<br \/><strong>Juraj Jakubisko<\/strong>, re\u017eis\u00e9r (SR)<br \/><strong>Peter Jaro\u0161<\/strong>, spisovatel (SR)<br \/><strong>Jan Kavan<\/strong>, b\u00fdval\u00fd p\u0159edseda Valn\u00e9ho shrom\u00e1\u017ed\u011bn\u00ed OSN a exministr zahrani\u010dn\u00edch v\u011bc\u00ed (\u010cR)<br \/><strong>Norbert Kelecs\u00e9nyi<\/strong>, akademick\u00fd socha\u0159 (SR)<br \/><strong>Eva Koll\u00e1rov\u00e1<\/strong>,\u00a0\u0159editelka \u00dastavu rusko-slovensk\u00fdch kulturn\u00edch studi\u00ed PF KU (SR)<br \/><strong>Michal Kov\u00e1\u010d<\/strong>, b\u00fdval\u00fd prezident Slovensk\u00e9 republiky (SR)<br \/><strong>M\u00e1ria Kr\u00e1\u013eovi\u010dov\u00e1<\/strong>, here\u010dka (SR)<br \/><strong>Oskar Krej\u010d\u00ed<\/strong>, politolog, prorektor Vysok\u00e9 \u0161koly mezin\u00e1rodn\u00edch a ve\u0159ejn\u00fdch vztah\u016f (\u010cR)<br \/><strong>Rudolf Kropil<\/strong>, prezident Slovensk\u00e9 konference rektor\u016f, rektor TU ve Zvolen\u011b (SR)<br \/><strong>Adriana Ku\u010derov\u00e1<\/strong>, opern\u00ed zp\u011bva\u010dka (SR)<br \/><strong>Peter Lipa<\/strong>, zp\u011bv\u00e1k a skladatel (SR)<br \/><strong>Jozef Lys\u00fd<\/strong>, politolog (SR)<br \/><strong>Albert Maren\u010din<\/strong>, spisovatel a scen\u00e1rista (SR)<br \/><strong>Jozef Miga\u0161<\/strong>, diplomat, b\u00fdval\u00fd p\u0159edseda NR SR (SR)<br \/><strong>Franti\u0161ek Novos\u00e1d<\/strong>, filozof (SR)<br \/><strong>Karol Pol\u00e1k<\/strong>, sportovn\u00ed koment\u00e1tor (SR)<br \/><strong>Michal Pol\u00e1k<\/strong>, ekonom a filozof (SR)<br \/><strong>Miro Proch\u00e1zka<\/strong>, re\u017eis\u00e9r (SR)<br \/><strong>Lenka Proch\u00e1zkov\u00e1<\/strong>, spisovatelka, signat\u00e1\u0159ka Charty 77 (\u010cR)<br \/><strong>Miroslav Proke\u0161<\/strong>, environmentalista (\u010cR)<br \/><strong>Milan Ra\u0161la<\/strong>, rektor Vysokej \u0161koly m\u00fazick\u00fdch umen\u00ed (SR)<br \/><strong>Gabriela Rothmayerov\u00e1<\/strong>, spisovatelka a publicistka (SR)<br \/><strong>Silvia Ruppeldtov\u00e1<\/strong>, prekladatelka a publicistka (SR)<br \/><strong>Ladislav Sabo<\/strong>, akademick\u00fd socha\u0159 (SR)<br \/><strong>Tatiana Sedov\u00e1<\/strong>, filozofka (SR)<br \/><strong>Brigita Schm\u00f6gnerov\u00e1<\/strong>, ekonomka, b\u00fdval\u00e1 ministryn\u011b financ\u00ed (SR)<br \/><strong>Rudolf Schuster<\/strong>, b\u00fdval\u00fd prezident Slovensk\u00e9 republiky (SR)<br \/><strong>Vladim\u00edr Skalsk\u00fd<\/strong>, p\u0159edseda Svetov\u00e9ho zdru\u017eenia Slov\u00e1kov v zahrani\u010d\u00ed (\u010cR)<br \/><strong>Karel Srp<\/strong>, p\u0159edseda Jazzov\u00e9 sekce a b\u00fdval\u00fd politick\u00fd v\u011bze\u0148 (\u010cR)<br \/><strong>J\u00e1n Stena<\/strong>, sociolog (SR)<br \/><strong>Franti\u0161ek \u0160kvrnda<\/strong>, bezpe\u010dnostn\u00ed expert (SR)<br \/><strong>Ivan \u0160tampach<\/strong>, teolog a publicista (\u010cR)<br \/><strong>Ilona \u0160vihl\u00edkov\u00e1<\/strong>, ekonomka (\u010cR)<br \/><strong>Bra\u0148o Tich\u00fd<\/strong>, ob\u010dansk\u00fd aktivista (SR)<br \/><strong>Viktor Timura<\/strong>, historik a spisovatel (SR)<br \/><strong>Bo\u017eidara Turzonovov\u00e1<\/strong>, here\u010dka (SR)<br \/><strong>Petr Uhl<\/strong>, novin\u00e1\u0159, signat\u00e1\u0159 Charty 77 (\u010cR)<br \/><strong>Ter\u00e9zia Urs\u00ednyov\u00e1<\/strong>, muzikologi\u010dka (SR)<br \/><strong>Ondrej Zimka<\/strong>, akademick\u00fd mal\u00ed\u0159 (SR)<br \/><strong>Ondrej Zimka III.<\/strong>, akademick\u00fd socha\u0159 (SR)<br \/><strong>Milka Zimkov\u00e1<\/strong>, here\u010dka a spisovatelka (SR)<br \/><strong>Milina Zimkov\u00e1<\/strong>, akademick\u00e1 mal\u00ed\u0159ka (SR)<br \/><strong>Petr \u017dantovsk\u00fd<\/strong>, vysoko\u0161kolsk\u00fd u\u010ditel, medi\u00e1ln\u00ed analytik (\u010cR)<\/p><p>\u00a0<\/p>\t\t\t\t\t<\/div>\n\t\t\t\t\t\t<\/div>\n\t\t\t\t<\/div>\n\t\t\t\t\t\t<\/div>\n\t\t\t\t\t<\/div>\n\t\t<\/div>\n\t\t\t\t\t\t\t\t<\/div>\n\t\t\t\t\t<\/div>\n\t\t<\/section>\n\t\t\t\t\t\t<\/div>\n\t\t\t\t\t\t<\/div>\n\t\t\t\t\t<\/div>\n\t\t","protected":false},"excerpt":{"rendered":"<p>Share on facebook Facebook Share on twitter Twitter Share on linkedin LinkedIn Sv\u011bt m\u00e1 nebezpe\u010dn\u011b bl\u00edzko k nov\u00e9 glob\u00e1ln\u00ed konfrontaci. Mezin\u00e1rodn\u00ed \u0159\u00e1d je v trosk\u00e1ch. Velmoci dlouhodob\u011b podkop\u00e1vaj\u00ed smluvn\u011b zakotven\u00e1 pravidla \u00fa\u010delov\u00fdm v\u00fdkladem, ignorov\u00e1n\u00edm z\u00e1sad m\u00edrov\u00e9ho sou\u017eit\u00ed i bezohlednou vojenskou agres\u00ed. V\u00fdsledkem jsou projevy chaosu, pokrytectv\u00ed a sv\u00e9vole v mezin\u00e1rodn\u00edch vztaz\u00edch. Hledat vin\u00edka za stav, [&hellip;]<\/p>\n","protected":false},"author":1,"featured_media":0,"parent":0,"menu_order":0,"comment_status":"closed","ping_status":"closed","template":"","meta":[],"_links":{"self":[{"href":"https:\/\/www.zjednotenizamier.sk\/cs\/wp-json\/wp\/v2\/pages\/3441"}],"collection":[{"href":"https:\/\/www.zjednotenizamier.sk\/cs\/wp-json\/wp\/v2\/pages"}],"about":[{"href":"https:\/\/www.zjednotenizamier.sk\/cs\/wp-json\/wp\/v2\/types\/page"}],"author":[{"embeddable":true,"href":"https:\/\/www.zjednotenizamier.sk\/cs\/wp-json\/wp\/v2\/users\/1"}],"replies":[{"embeddable":true,"href":"https:\/\/www.zjednotenizamier.sk\/cs\/wp-json\/wp\/v2\/comments?post=3441"}],"version-history":[{"count":24,"href":"https:\/\/www.zjednotenizamier.sk\/cs\/wp-json\/wp\/v2\/pages\/3441\/revisions"}],"predecessor-version":[{"id":4440,"href":"https:\/\/www.zjednotenizamier.sk\/cs\/wp-json\/wp\/v2\/pages\/3441\/revisions\/4440"}],"wp:attachment":[{"href":"https:\/\/www.zjednotenizamier.sk\/cs\/wp-json\/wp\/v2\/media?parent=3441"}],"curies":[{"name":"wp","href":"https:\/\/api.w.org\/{rel}","templated":true}]}}